{"version":"1.0","provider_name":"Kir\u00e1ndul\u00f3","provider_url":"https:\/\/kirandulo.cafeblog.hu","author_name":"Kir\u00e1ndul\u00f3 Kata","author_url":"https:\/\/kirandulo.cafeblog.hu\/author\/lukacskatalin71gmail-com\/","title":"Adventkor is v\u00e1r - Kaposv\u00e1r","html":"<p>Adventkor sokan \u00fatra kelnek, \u00e9s valahol m\u00e1shol keresik a hangulatos, var\u00e1zslatos adventi v\u00e1s\u00e1rokat, messze, m\u00e1s orsz\u00e1gokban ... pedig lehet, hogy k\u00f6zelebb is tal\u00e1lhatn\u00e1nk sz\u00e9pet, meghittet, mag\u00e1val ragad\u00f3t.<\/p>\r\n<p>Ilyet lett advent idej\u00e9re Kaposv\u00e1r belv\u00e1rosa is, ahol hatalmas a csillog\u00f3 kar\u00e1csonyfa, k\u00f6r\u00fcl\u00f6tte m\u00e9zeskal\u00e1cs, f\u0171szeres forralt bor \u00e9s feny\u0151illat\u00fa kavalk\u00e1d v\u00e1rja az \u00fcnnepre k\u00e9sz\u00fcl\u0151d\u0151ket. Mutatom milyen!<\/p>\r\n<p><img src=\"https:\/\/img.reblog.hu\/blogs\/24924\/pc0891676924.JPG?w=700\" alt=\"Magyarorsz\u00e1g Somogy Kaposv\u00e1r v\u00e1ros adventi v\u00e1s\u00e1r\" \/><\/p>\r\n<p>Hol tal\u00e1lhat\u00f3? Magyarorsz\u00e1gon, Somogy megy\u00e9ben, a Balatont\u00f3l 45 km-re d\u00e9lre. T\u00e9rk\u00e9pen <a href=\"https:\/\/www.google.com\/maps\/d\/viewer?mid=1I4BMYAqxmO9nmv-5TGp-o5i3U_g&amp;ll=46.5517673530381%2C18.000544653906218&amp;z=8\">ITT<\/a>.<\/p>\r\n<p>Kaposv\u00e1r megyei jog\u00fa v\u00e1ros, Somogy megye sz\u00e9khelye, egyetemi v\u00e1ros \u00e9s p\u00fcsp\u00f6ki sz\u00e9khely, fest\u0151k, sz\u00edn\u00e9szek \u00e9s komoly-zen\u00e9szek v\u00e1rosa. H\u00e9t dombra \u00e9p\u00fclt (mint R\u00f3ma), a Kapos foly\u00f3 szeli kett\u00e9 \u00e9s b\u00e1r v\u00e1ra sajnos m\u00e1r nincsen, rengeteg l\u00e1tnival\u00f3val b\u00fcszk\u00e9lkedhet. De decemberben a legl\u00e1tv\u00e1nyosabb a F\u0151 utca \u00e9s a f\u0151 t\u00e9r k\u00f6rny\u00e9ke.<\/p>\r\n<p><img src=\"https:\/\/img.reblog.hu\/blogs\/24924\/pc1535033e9e.JPG?w=700\" alt=\"Magyarorsz\u00e1g Somogy Kaposv\u00e1r v\u00e1ros adventi v\u00e1s\u00e1r\" \/><\/p>\r\n<p>A f\u0151 t\u00e9ren \u00f6t utca tal\u00e1lkozik, az eg\u00e9sz s\u00e9t\u00e1l\u00f3 \u00f6vezet, az aut\u00f3k m\u00e1r r\u00e9gen ki vannak tiltva. Viszont parkol\u00f3 minden ir\u00e1nyban tal\u00e1lhat\u00f3, van ahol h\u00e9tk\u00f6znap fizet\u0151s, de van ingyenes is (a pl\u00e1z\u00e1n\u00e1l). A belv\u00e1ros gyalog k\u00f6nnyen megk\u00f6zel\u00edthet\u0151 \u00e9s sim\u00e1n bej\u00e1rhat\u00f3. Az adventi v\u00e1s\u00e1r a Kossuth t\u00e9ren \u00e9s a F\u0151 utc\u00e1n v\u00e1rja az \u00e9rdekl\u0151d\u0151ket.<\/p>\r\n<p>\u00c9s ahol ny\u00e1ron a sz\u00f6k\u0151k\u00fat vize csobog, ott ilyenkor f\u00e9nyf\u00fcz\u00e9r alapon \u00e1ll\u00f3 adventi koszor\u00fan gy\u00falnak sorban a gyerty\u00e1k.<\/p>\r\n<p><img src=\"https:\/\/img.reblog.hu\/blogs\/24924\/pc09929215e3.JPG?w=700\" alt=\"Magyarorsz\u00e1g Somogy Kaposv\u00e1r v\u00e1ros adventi v\u00e1s\u00e1r\" \/><\/p>\r\n<p>A t\u00e9r k\u00f6zep\u00e9n pedig hatalmas \u00e9s k\u00e1pr\u00e1zatos feny\u0151fa pomp\u00e1zik.<\/p>\r\n<p><img src=\"https:\/\/img.reblog.hu\/blogs\/24924\/pc0890800007.JPG?w=700\" alt=\"Magyarorsz\u00e1g Somogy Kaposv\u00e1r v\u00e1ros adventi v\u00e1s\u00e1r\" \/><\/p>\r\n<p>A teret gy\u00f6ny\u00f6r\u0171 \u00e9p\u00fcletek veszik k\u00f6r\u00fcl, b\u00e1rmelyik ir\u00e1nyb\u00f3l fot\u00f3zunk, d\u00edszes h\u00e1tteret biztos\u00edtanak a k\u00e9peinkhez. (Na j\u00f3, igaz, a Kapos Hotel nem annyira sz\u00e9p.)<\/p>\r\n<p>Az Ady Endre \u00e9s a Noszlopy G\u00e1sp\u00e1r utca sark\u00e1n \u00e1ll a romantikus st\u00edlusban \u00e9p\u00fclt, egykori Erzs\u00e9bet Sz\u00e1ll\u00f3.<\/p>\r\n<p><img src=\"https:\/\/img.reblog.hu\/blogs\/24924\/pc0891138f52.JPG?w=700\" alt=\"Magyarorsz\u00e1g Somogy Kaposv\u00e1r v\u00e1ros adventi v\u00e1s\u00e1r\" \/><\/p>\r\n<p>Mellette a Noszlopy G\u00e1sp\u00e1r \u00e9s a Teleki utca sark\u00e1n \u00e1ll a neorenesz\u00e1nsz st\u00edlusban 1902-04 k\u00f6z\u00f6tt \u00e9p\u00fclt v\u00e1rosh\u00e1za. Torny\u00e1ban sz\u00e1m\u00edt\u00f3g\u00e9p vez\u00e9rl\u00e9s\u0171 harangj\u00e1t\u00e9k tal\u00e1lhat\u00f3, mely minden eg\u00e9sz \u00f3ra el\u0151tt 5-6 perccel ismert dallamokat j\u00e1tszik.<\/p>\r\n<p><img src=\"https:\/\/img.reblog.hu\/blogs\/24924\/pc099288a671.JPG?w=700\" alt=\"Magyarorsz\u00e1g Somogy Kaposv\u00e1r v\u00e1ros adventi v\u00e1s\u00e1r\" \/><\/p>\r\n<p>Mellette a Teleki \u00e9s a F\u0151 utca sark\u00e1n \u00e1ll az egykori \u00e9lelmiszeripari iskola \u00e9p\u00fclete, mely egy fel\u00faj\u00edt\u00e1s ut\u00e1n, ma m\u00e1r lak\u00f3- \u00e9s irodah\u00e1zk\u00e9nt \u00fczemel.<\/p>\r\n<p><img src=\"https:\/\/img.reblog.hu\/blogs\/24924\/pc099296bca0.JPG?w=700\" alt=\"Magyarorsz\u00e1g Somogy Kaposv\u00e1r v\u00e1ros adventi v\u00e1s\u00e1r\" \/><\/p>\r\n<p>A t\u00e9r negyedik impoz\u00e1ns \u00e9p\u00fclete a Nagyboldogasszony Sz\u00e9kesegyh\u00e1z, mely a kaposv\u00e1ri egyh\u00e1zmegye katedr\u00e1lisa, az orsz\u00e1g egyik legnagyobb temploma. A neorom\u00e1n st\u00edlus\u00fa \u00e9p\u00fclet a v\u00e1ros \u00e9s a katolikus hitk\u00f6z\u00f6ss\u00e9g egyik jelk\u00e9pe, 1886-ban k\u00e9sz\u00fclt el. \u00c9rdemes ben\u00e9zni is, nagyon sz\u00e9p, fresk\u00f3s, barokkosan t\u00fald\u00edsz\u00edtett a belseje.<\/p>\r\n<p><img src=\"https:\/\/img.reblog.hu\/blogs\/24924\/pc0992024a84.JPG?w=700\" alt=\"Magyarorsz\u00e1g Somogy Kaposv\u00e1r v\u00e1ros adventi v\u00e1s\u00e1r\" \/><\/p>\r\n<p>A t\u00e9ren k\u00f6rben helyezkednek el az adventi v\u00e1s\u00e1r f\u00e1b\u00f3l k\u00e9sz\u00fclt h\u00e1zik\u00f3i, ahol forr\u00f3 italokat, aj\u00e1nd\u00e9kokat \u00e9s szaloncukrot is v\u00e1s\u00e1rolhatunk.<\/p>\r\n<p><img src=\"https:\/\/img.reblog.hu\/blogs\/24924\/pc0890858411.JPG?w=700\" alt=\"Magyarorsz\u00e1g Somogy Kaposv\u00e1r v\u00e1ros adventi v\u00e1s\u00e1r\" \/><\/p>\r\n<p>Helyi termel\u0151k port\u00e9k\u00e1j\u00e1b\u00f3l is v\u00e1logathatunk, p\u00e9ld\u00e1ul m\u00e9zet, puszedlit, vagy h\u00edmzett textil aj\u00e1nd\u00e9kokat.<\/p>\r\n<p><img src=\"https:\/\/img.reblog.hu\/blogs\/24924\/pc0890889140.JPG?w=700\" alt=\"Magyarorsz\u00e1g Somogy Kaposv\u00e1r v\u00e1ros adventi v\u00e1s\u00e1r\" \/><\/p>\r\n<p>A pajtasz\u00ednh\u00e1zn\u00e1l napk\u00f6zben kar\u00e1csonyi zene sz\u00f3l. \u00c9s minden d\u00e9lut\u00e1n, estefel\u00e9 t\u00f6rt\u00e9nik valami. Helyi \u00e9s a k\u00f6rnyez\u0151 telep\u00fcl\u00e9sekr\u0151l \u00e9rkez\u0151 k\u00f3rusok, zenekarok, t\u00e1ncegy\u00fcttesek, nyugd\u00edjas klubok, iskol\u00e1k, \u00f3vod\u00e1k l\u00e9pnek fel \u00e9s adj\u00e1k el\u0151 kar\u00e1csonyi m\u0171sorukat.<\/p>\r\n<p><img src=\"https:\/\/img.reblog.hu\/blogs\/24924\/pc099207c626.JPG?w=700\" alt=\"Magyarorsz\u00e1g Somogy Kaposv\u00e1r v\u00e1ros adventi v\u00e1s\u00e1r\" \/><\/p>\r\n<p>Vagy itt p\u00e9ld\u00e1ul a Katolikus Karit\u00e1sz zen\u00e9s j\u00f3t\u00e9konys\u00e1gi estj\u00e9re k\u00e9sz\u00fcltek.<\/p>\r\n<p><img src=\"https:\/\/img.reblog.hu\/blogs\/24924\/pc0891072f9d.JPG?w=700\" alt=\"Magyarorsz\u00e1g Somogy Kaposv\u00e1r v\u00e1ros adventi v\u00e1s\u00e1r\" \/><\/p>\r\n<p>De j\u00f3t\u00e9konykodni folyamatosan lehet. A Kaposv\u00e1ri Aj\u00e1nd\u00e9kkuck\u00f3 az adventi id\u0151szak v\u00e9g\u00e9ig, minden nap v\u00e1rja a cip\u0151sdoboznyi adom\u00e1nyokat, melyeket r\u00e1szorul\u00f3 csal\u00e1dok gyermekeinek juttatnak el.<\/p>\r\n<p><img src=\"https:\/\/img.reblog.hu\/blogs\/24924\/pc08910891c3.JPG?w=700\" alt=\"Magyarorsz\u00e1g Somogy Kaposv\u00e1r v\u00e1ros adventi v\u00e1s\u00e1r\" \/><\/p>\r\n<p>A templom mellett \u00e1ll\u00edtj\u00e1k fel minden \u00e9vben a hatalmas Betlehemet is. A gy\u00f6ny\u00f6r\u0171, r\u00e9szletgazdag fa szobrokkal berendezett h\u00e1zik\u00f3ban folyamatosan hallhat\u00f3 J\u00e9zus sz\u00fclet\u00e9s\u00e9nek t\u00f6rt\u00e9nete is.<\/p>\r\n<p><img src=\"https:\/\/img.reblog.hu\/blogs\/24924\/pc153525984f.JPG?w=700\" alt=\"Magyarorsz\u00e1g Somogy Kaposv\u00e1r v\u00e1ros adventi v\u00e1s\u00e1r\" \/><\/p>\r\n<p>\u00c9s itt a Kossuth t\u00e9ren min\u0151s\u00e9gi borokb\u00f3l is fogyaszthatunk gy\u00fcm\u00f6lcs\u00f6s forralt borokat. Aszalt szilv\u00e1s forralt bort K\u00e9kfrankosb\u00f3l, feh\u00e9r forralt bort Kir\u00e1lyle\u00e1nyk\u00e1b\u00f3l \u00e9s v\u00f6r\u00f6s\u00e1fony\u00e1s ros\u00e9t is k\u00f3stolhatunk. Term\u00e9szetesen gyerekeknek val\u00f3 alkoholmentes forr\u00f3 ital is van.<\/p>\r\n<p><img src=\"https:\/\/img.reblog.hu\/blogs\/24924\/pc099273665c.JPG?w=700\" alt=\"Magyarorsz\u00e1g Somogy Kaposv\u00e1r v\u00e1ros adventi v\u00e1s\u00e1r\" \/><\/p>\r\n<p>A F\u0151 utc\u00e1t l\u00e1tv\u00e1nyos \u00e9s ragyog\u00f3 d\u00edszvil\u00e1g\u00edt\u00e1ssal szerelt\u00e9k fel. Az am\u00fagy is sz\u00e9p kandel\u00e1berek f\u00e9nyf\u00fcz\u00e9reket kaptak, \u00edgy nagyon hangulatos \u00f6sszk\u00e9p j\u00f6tt l\u00e9tre.<\/p>\r\n<p><img src=\"https:\/\/img.reblog.hu\/blogs\/24924\/pc153536e72b.JPG?w=700\" alt=\"Magyarorsz\u00e1g Somogy Kaposv\u00e1r v\u00e1ros adventi v\u00e1s\u00e1r\" \/><\/p>\r\n<p>A F\u0151 utc\u00e1n folytat\u00f3dik a kar\u00e1csonyi v\u00e1s\u00e1ros b\u00f3d\u00e9k sora.<\/p>\r\n<p><img src=\"https:\/\/img.reblog.hu\/blogs\/24924\/pc09922576b7.JPG?w=700\" alt=\"Magyarorsz\u00e1g Somogy Kaposv\u00e1r v\u00e1ros adventi v\u00e1s\u00e1r\" \/><\/p>\r\n<p>Helyi n\u00e9pm\u0171v\u00e9szek \u00e9s k\u00e9zm\u0171vesek term\u00e9kei k\u00f6z\u00f6tt v\u00e1logathatunk. Vannak gy\u00f6ny\u00f6r\u0171 \u00fcveg \u00e9kszerek, textil bab\u00e1k, f\u00e1b\u00f3l k\u00e9sz\u00fclt j\u00e1t\u00e9kok, nat\u00far szappanok, \u00e9s h\u00edmzett ter\u00edt\u0151k is.<\/p>\r\n<p><img src=\"https:\/\/img.reblog.hu\/blogs\/24924\/pc0992330b8a.JPG?w=700\" alt=\"Magyarorsz\u00e1g Somogy Kaposv\u00e1r v\u00e1ros adventi v\u00e1s\u00e1r\" \/><\/p>\r\n<p>T\u00e9len a F\u0151 utca tartoz\u00e9ka a gesztenye \u00e1rus is, aki kis kocsij\u00e1val pr\u00f3b\u00e1lja megtal\u00e1lni a legmegfelel\u0151bb \u00e1rus\u00edt\u00f3helyet, hogy azt\u00e1n par\u00e1zson s\u00fclt, forr\u00f3 geszteny\u00e9vel \u00f6rvendeztesse meg a f\u00e1z\u00f3s n\u00e9zel\u0151d\u0151ket.<\/p>\r\n<p><img src=\"https:\/\/img.reblog.hu\/blogs\/24924\/pc0992433940.JPG?w=700\" alt=\"Magyarorsz\u00e1g Somogy Kaposv\u00e1r v\u00e1ros adventi v\u00e1s\u00e1r\" \/><\/p>\r\n<p>A k\u00f6vetkez\u0151 \u00e1rus-h\u00e1zik\u00f3k m\u00e1r a Megyeh\u00e1za el\u0151tt tal\u00e1lhat\u00f3ak. Ez az \u00e9p\u00fclet is gy\u00f6ny\u00f6r\u0171en fel van d\u00edsz\u00edtve.<\/p>\r\n<p><img src=\"https:\/\/img.reblog.hu\/blogs\/24924\/pc0891252c18.JPG?w=700\" alt=\"Magyarorsz\u00e1g Somogy Kaposv\u00e1r v\u00e1ros adventi v\u00e1s\u00e1r\" \/><\/p>\r\n<p>A klasszicista st\u00edlus\u00fa V\u00e1rmegyeh\u00e1z\u00e1t 1832. m\u00e1jus 1-\u00e9n adt\u00e1k \u00e1t a megyegy\u0171l\u00e9snek, \u00e9s a leg\u00e9rt\u00e9kesebb kaposv\u00e1ri m\u0171eml\u00e9kk\u00e9nt tarthatj\u00e1k sz\u00e1mon. Az \u00e9p\u00fcletet 3,3 milli\u00f3 t\u00e9gl\u00e1b\u00f3l \u00e9p\u00edtett\u00e9k fel \u00e9s ma egyik fel\u00e9ben m\u00fazeum, m\u00e1sik fel\u00e9ben a megyeh\u00e1za m\u0171k\u00f6dik.<\/p>\r\n<p><img src=\"https:\/\/img.reblog.hu\/blogs\/24924\/pc099246504a.JPG?w=700\" alt=\"Magyarorsz\u00e1g Somogy Kaposv\u00e1r v\u00e1ros adventi v\u00e1s\u00e1r\" \/><\/p>\r\n<p>A bej\u00e1rat mellett nagy adventi napt\u00e1r l\u00e1that\u00f3.<\/p>\r\n<p><img src=\"https:\/\/img.reblog.hu\/blogs\/24924\/pc0992498b37.JPG?w=700\" alt=\"Magyarorsz\u00e1g Somogy Kaposv\u00e1r v\u00e1ros adventi v\u00e1s\u00e1r\" \/><\/p>\r\n<p>A kis fat\u00e1bl\u00e1kon adventtel, kar\u00e1csonnyal kapcsolatos n\u00e9pszok\u00e1sokr\u00f3l, t\u00e9li n\u00f6v\u00e9nyekr\u0151l, \u00e1llatokr\u00f3l olvashatunk, festm\u00e9nyeket n\u00e9zegethet\u00fcnk, \u00e9s verseket is olvashatunk.<\/p>\r\n<p><img src=\"https:\/\/img.reblog.hu\/blogs\/24924\/pc099255c499.JPG?w=700\" alt=\"Magyarorsz\u00e1g Somogy Kaposv\u00e1r v\u00e1ros adventi v\u00e1s\u00e1r\" \/><\/p>\r\n<p>K\u00f6z\u00e9pen, az el\u0151csarnokban, fedett helyen k\u00fcl\u00f6n k\u00e9zm\u0171ves v\u00e1s\u00e1r van, ahol t\u0171zzom\u00e1nc k\u00e9peket, b\u00f6gr\u00e9ket \u00e9s m\u00e1s cser\u00e9ped\u00e9nyeket, b\u0151rd\u00edszm\u0171ves term\u00e9keket, text\u00edli\u00e1kat, k\u00f6t\u00f6tt holmikat, t\u00e1sk\u00e1kat \u00e9s kar\u00e1csonyi kieg\u00e9sz\u00edt\u0151ket v\u00e1s\u00e1rolhatunk.<\/p>\r\n<p><img src=\"https:\/\/img.reblog.hu\/blogs\/24924\/pc0891445d25.JPG?w=700\" alt=\"Magyarorsz\u00e1g Somogy Kaposv\u00e1r v\u00e1ros adventi v\u00e1s\u00e1r\" \/><\/p>\r\n<p>A Megyeh\u00e1za el\u0151tti kis b\u00f3d\u00e9ban olyan, olvasztott sajtos kenyeret \u00e1rulnak, mint a <a href=\"https:\/\/kirandulo.cafeblog.hu\/2017\/12\/07\/vasar-a-sikatorokban-es-jegbetlehem-graz\/\">graz-i adventi v\u00e1s\u00e1r<\/a>ban a v\u00e1rhegyen, \u00e9s baileys-es forr\u00f3 csoki is van.<\/p>\r\n<p><img src=\"https:\/\/img.reblog.hu\/blogs\/24924\/pc099263e190.JPG?w=700\" alt=\"Magyarorsz\u00e1g Somogy Kaposv\u00e1r v\u00e1ros adventi v\u00e1s\u00e1r\" \/><\/p>\r\n<p>\u00c9s m\u00e1r egyedi, kaposv\u00e1ri adventi b\u00f6gr\u00e9b\u0151l is kortyolhatjuk a forr\u00f3 italokat!<\/p>\r\n<p><img src=\"https:\/\/img.reblog.hu\/blogs\/24924\/8e208125a2d6f3cfc582aed6fbf3e7ce-825x6000cac.jpg?w=700\" alt=\"Magyarorsz\u00e1g Somogy Kaposv\u00e1r v\u00e1ros adventi v\u00e1s\u00e1r\" \/><\/p>\r\n<p>(A fot\u00f3 a kaposvarmost.hu oldalr\u00f3l sz\u00e1rmazik.)<\/p>\r\n<p>F\u00f6lfel\u00e9 az utols\u00f3 k\u00e9t kis h\u00e1zik\u00f3ban pedig helyi alkot\u00f3k festm\u00e9nyeiben gy\u00f6ny\u00f6rk\u00f6dhet\u00fcnk, \u00e9s amelyik megtetszik, meg is v\u00e1s\u00e1rolhatjuk.<\/p>\r\n<p><img src=\"https:\/\/img.reblog.hu\/blogs\/24924\/pc0992597fe5.JPG?w=700\" alt=\"Magyarorsz\u00e1g Somogy Kaposv\u00e1r v\u00e1ros adventi v\u00e1s\u00e1r\" \/><\/p>\r\n<p>Kaposv\u00e1r a vir\u00e1gok v\u00e1rosa. Most a nagy vir\u00e1gl\u00e1d\u00e1kban t\u00e9li n\u00f6v\u00e9nyekre cser\u00e9lt\u00e9k a sz\u00ednes egyny\u00e1riakat. \u00c1rv\u00e1cska \u00e9s felt\u0171n\u0151 sz\u00edn\u0171 d\u00edszk\u00e1poszta d\u00edsz\u00edti most az utc\u00e1kat.<\/p>\r\n<p><img src=\"https:\/\/img.reblog.hu\/blogs\/24924\/pc0992706a90.JPG?w=700\" alt=\"Magyarorsz\u00e1g Somogy Kaposv\u00e1r v\u00e1ros adventi v\u00e1s\u00e1r\" \/><\/p>\r\n<p>Az advent idej\u00e9n v\u00e1rosn\u00e9z\u0151 mikul\u00e1svonat is k\u00f6zlekedik a kicsik legnagyobb \u00f6r\u00f6m\u00e9re.<\/p>\r\n<p><img src=\"https:\/\/img.reblog.hu\/blogs\/24924\/pc099299f7fb.JPG?w=700\" alt=\"Magyarorsz\u00e1g Somogy Kaposv\u00e1r v\u00e1ros adventi v\u00e1s\u00e1r\" \/><\/p>\r\n<p>A F\u0151 utca szint\u00e9n hangulatosan kivil\u00e1g\u00edtott folytat\u00e1sa a m\u00e1sik ir\u00e1nyba az Ady Endre utca.<\/p>\r\n<p><img src=\"https:\/\/img.reblog.hu\/blogs\/24924\/pc153511d87d.JPG?w=700\" alt=\"Magyarorsz\u00e1g Somogy Kaposv\u00e1r v\u00e1ros adventi v\u00e1s\u00e1r\" \/><\/p>\r\n<p>Ezen juthatunk el a Kaposv\u00e1r Pl\u00e1z\u00e1hoz, \u00e9s itt tal\u00e1lhat\u00f3 a Corso bev\u00e1s\u00e1rl\u00f3 k\u00f6zpont is. Mivel a belv\u00e1ros nem \u00e1ll t\u00fal j\u00f3l nyilv\u00e1nos mosd\u00f3kb\u00f3l (b\u00e1r van egy a Kossuth t\u00e9ren, de nem tudom most \u00e9ppen \u00fczemel-e), a k\u00e9t bev\u00e1s\u00e1rl\u00f3 k\u00f6zpontba nyugodtan mehet\u00fcnk ez \u00fcgyben, mindkett\u0151ben nagy \u00e9s kultur\u00e1lt mosd\u00f3 tal\u00e1lhat\u00f3.<\/p>\r\n<p><img src=\"https:\/\/img.reblog.hu\/blogs\/24924\/pc099195f741.JPG?w=700\" alt=\"Magyarorsz\u00e1g Somogy Kaposv\u00e1r v\u00e1ros adventi v\u00e1s\u00e1r\" \/><\/p>\r\n<p>De a Corso ter\u00fclet\u00e9n is vannak kis fah\u00e1zik\u00f3b\u00f3l kar\u00e1csonyi cuccokat \u00e1rul\u00f3k. P\u00e9ld\u00e1ul itt van a legnagyobb v\u00e1laszt\u00e9k sapk\u00e1b\u00f3l \u00e9s mint\u00e1s zoknib\u00f3l. :)<\/p>\r\n<p><img src=\"https:\/\/img.reblog.hu\/blogs\/24924\/pc099200fc1f.JPG?w=700\" alt=\"Magyarorsz\u00e1g Somogy Kaposv\u00e1r v\u00e1ros adventi v\u00e1s\u00e1r\" \/><\/p>\r\n<p>\u00c9rdemes teh\u00e1t ell\u00e1togatni Kaposv\u00e1rra, \u00e9s bemenni a belv\u00e1ros hangulatos adventi v\u00e1s\u00e1r\u00e1ra. Nappal sem rossz...<\/p>\r\n<p><img src=\"https:\/\/img.reblog.hu\/blogs\/24924\/pc0992681e34.JPG?w=700\" alt=\"Magyarorsz\u00e1g Somogy Kaposv\u00e1r v\u00e1ros adventi v\u00e1s\u00e1r\" \/><\/p>\r\n<p>...de s\u00f6t\u00e9ted\u00e9s ut\u00e1n, amikor felgy\u00falnak a f\u00e9nyek, mesesz\u00e9p.<\/p>\r\n<p><img src=\"https:\/\/img.reblog.hu\/blogs\/24924\/pc089161f74b.JPG?w=700\" alt=\"Magyarorsz\u00e1g Somogy Kaposv\u00e1r v\u00e1ros adventi v\u00e1s\u00e1r\" \/><\/p>\r\n<p>A v\u00e1ros k\u00fcl\u00f6nb\u00f6z\u0151 helysz\u00ednein tov\u00e1bbi k\u00eds\u00e9r\u0151programok is vannak, ki\u00e1ll\u00edt\u00e1sok, koncertek, k\u00e9zm\u0171ves foglalkoz\u00e1sok, v\u00e1rosi s\u00e9t\u00e1k.<\/p>\r\n<p>Az inform\u00e1ci\u00f3k egy r\u00e9sze a wikipedia oldalair\u00f3l \u00e9s a kaposvarmost.hu-r\u00f3l sz\u00e1rmazik.<\/p>\r\n<p><img src=\"https:\/\/img.reblog.hu\/blogs\/24924\/pc19137965ef.JPG?w=700\" alt=\"Magyarorsz\u00e1g Somogy Kaposv\u00e1r v\u00e1ros adventi v\u00e1s\u00e1r\" \/><\/p>\r\n<p>Persze az\u00e9rt nem mondom, hogy m\u00e1shova nem is \u00e9rdemes menni, hiszen nagyon k\u00fcl\u00f6nleges adventi v\u00e1s\u00e1rok is vannak m\u00e1shol. Pl. a <a href=\"http:\/\/kirandulo.reblog.hu\/adventi-vasar-a-felhok-felett---petzen\">Peca hegyen<\/a>, ahol 1700 m\u00e9teres magass\u00e1gban rendeznek adventi v\u00e1s\u00e1rt, \u00e9s a <a href=\"http:\/\/kirandulo.reblog.hu\/advent-a-kastelyban---schloss-hof\">Hof-i kast\u00e9lyban<\/a>, ahol \u00e9l\u0151 \u00e1llatos betlehem \u00e9s \u00e1llatsimogat\u00f3 is v\u00e1r. B\u00e9csben pedig m\u00e1r <a href=\"http:\/\/kirandulo.reblog.hu\/art-advent-es-bio-vasar---becs-karlsplatz\">bio adventi v\u00e1s\u00e1r<\/a> is van a Karlsplatz-on! :)<\/p>\r\n<p>\u00c9s ha nem szeretn\u00e9tek lemaradni az \u00faj bejegyz\u00e9sekr\u0151l, k\u00f6vess\u00e9tek a <a href=\"https:\/\/www.facebook.com\/kirandulo.blog\/\">Kir\u00e1ndul\u00f3 facebook<\/a> oldal\u00e1t is.\u00a0<\/p>\r\n<p>B\u00e9k\u00e9s, \u00e1ldott, boldog kar\u00e1csonyt mindenkinek! :)<\/p>\r\n<p><img src=\"https:\/\/img.reblog.hu\/blogs\/24924\/pc089095c2c0.JPG?w=700\" alt=\"Magyarorsz\u00e1g Somogy Kaposv\u00e1r v\u00e1ros adventi v\u00e1s\u00e1r\" \/><\/p>","type":"rich","thumbnail_url":"https:\/\/kirandulo.cafeblog.hu\/files\/2019\/10\/pc0891676924-150x150.jpg","thumbnail_width":150,"thumbnail_height":150}