{"version":"1.0","provider_name":"Kir\u00e1ndul\u00f3","provider_url":"https:\/\/kirandulo.cafeblog.hu","author_name":"Kir\u00e1ndul\u00f3 Kata","author_url":"https:\/\/kirandulo.cafeblog.hu\/author\/lukacskatalin71gmail-com\/","title":"Dachstein - Krippenstein a cs\u00facs!","html":"<p style=\"text-align: justify\">A Dachstein hegyvonulat \u00e9szaki oldal\u00e1n van egy cs\u00facs cs\u00facs, a Krippenstein! A l\u00e9legzetel\u00e1ll\u00edt\u00f3 panor\u00e1m\u00e1n t\u00fal, vil\u00e1g\u00f6r\u00f6ks\u00e9gi ter\u00fcleten, sok \u00e9rdekes, b\u00e1tors\u00e1gpr\u00f3b\u00e1s \u00e9s leny\u0171g\u00f6z\u0151 l\u00e1tnival\u00f3t tal\u00e1lunk. B\u00e1r ny\u00e1ron itt h\u00f3 nincs, mint a d\u00e9li oldalon a gleccsern\u00e9l, de kora \u0151szt\u0151l k\u00e9s\u0151 tavaszig m\u00e9g h\u00f3foltokat is tal\u00e1lhatunk.<\/p>\r\n<p>Ez az a cs\u00facs alulr\u00f3l, rajta a Five Fingers kil\u00e1t\u00f3 a szakad\u00e9k f\u00f6l\u00f6tt:<\/p>\r\n<p><img src=\"http:\/\/img.reblog.hu\/blogs\/24924\/p82408862015.JPG?w=640\" alt=\"Ausztria Fels\u0151-Ausztria Dachstein Hallstatt Obertraun hegy cs\u00facskereszt\" \/><\/p>\r\n<p style=\"text-align: justify\">Hol tal\u00e1lhat\u00f3?<br \/> Ausztri\u00e1ban, Fels\u0151-Ausztria tartom\u00e1ny d\u00e9li cs\u00fccsk\u00e9ben, Hallstatt-hoz \u00e9s a Hallstatti-t\u00f3hoz k\u00f6zel, Obertraun falu mellett indul a Dachsteinbahn kabinos felvon\u00f3, amivel felmehet\u00fcnk a Krippensteinre. T\u00e9rk\u00e9pen <a href=\"https:\/\/www.google.com\/maps\/d\/viewer?mid=1I4BMYAqxmO9nmv-5TGp-o5i3U_g&amp;ll=47.51539353033751%2C13.70881401801762&amp;z=12\">ITT<\/a><\/p>\r\n<p style=\"text-align: justify\">Persze t\u00fara\u00fatvonalak is vannak, de kabinos felvon\u00f3val nagyobb \u00e9lm\u00e9ny felmenni (meg m\u00e9g k\u00e9nyelmesebb is). :-)<\/p>\r\n<p><img src=\"http:\/\/img.reblog.hu\/blogs\/24924\/pa110702b77f.JPG?w=640\" alt=\"Ausztria Fels\u0151-Ausztria Dachstein Hallstatt Obertraun hegy cs\u00facskereszt\" \/><\/p>\r\n<p style=\"text-align: justify\">A kabinos felvon\u00f3 a cs\u00facsig k\u00e9t szakaszb\u00f3l \u00e1ll. \u00c9s l\u00e1tnival\u00f3 m\u00e1r az els\u0151 szakasz ut\u00e1n is akad.<\/p>\r\n<p>A gyerekeket j\u00e1tsz\u00f3t\u00e9r v\u00e1rja.<\/p>\r\n<p><img src=\"http:\/\/img.reblog.hu\/blogs\/24924\/pa1107231eaa.JPG?w=640\" alt=\"Ausztria Fels\u0151-Ausztria Dachstein Hallstatt Obertraun hegy cs\u00facskereszt\" \/><\/p>\r\n<p>A f\u00f6ld alatti csodavil\u00e1g ir\u00e1nt \u00e9rdekl\u0151d\u0151ket pedig k\u00e9t barlang.<\/p>\r\n<p><img src=\"http:\/\/img.reblog.hu\/blogs\/24924\/pa110726500e.JPG?w=640\" alt=\"Ausztria Fels\u0151-Ausztria Dachstein Hallstatt Obertraun hegy cs\u00facskereszt\" \/><\/p>\r\n<p style=\"text-align: justify\">Az \u00f3ri\u00e1si mamutbarlang Eur\u00f3pa legnagyobb \u00e9s legjelent\u0151sebb barlangja. M\u00e1ra t\u00f6bb mint 60 km van felt\u00e1rva bel\u0151le, ebb\u0151l 1 km j\u00e1rhat\u00f3 be vezetett t\u00fara keret\u00e9ben. Az egy \u00f3r\u00e1s \u00fat sor\u00e1n megismerkedhet\u00fcnk a barlang kialakul\u00e1s\u00e1val, a v\u00edz rombol\u00f3 \u00e9s \u00e9p\u00edt\u0151 munk\u00e1j\u00e1val. A barlang idegenvezet\u00e9se let\u00f6lthet\u0151 magyarul is okostelefonra az <a href=\"http:\/\/www.dachstein-salzkammergut.com\/sommer\/unterirdisch\/mammuthoehle\/\">internet<\/a>r\u0151l. A barlangi t\u00far\u00e1hoz stabil, cs\u00fasz\u00e1smenetes cip\u0151 \u00e9s meleg ruha sz\u00fcks\u00e9ges. A barlangban fagypont k\u00f6r\u00fcli a h\u0151m\u00e9rs\u00e9klet, az \u00e9ves \u00e1tlag 3 fok.<\/p>\r\n<p style=\"text-align: justify\">A barlangokhoz ki\u00e9p\u00edtett \u00fat vezet az erd\u0151n \u00e1t a hatalmas szikl\u00e1k k\u00f6z\u00f6tt.<\/p>\r\n<p style=\"text-align: justify\"><img src=\"http:\/\/img.reblog.hu\/blogs\/24924\/pa11073619dd.JPG?w=640\" alt=\"Ausztria Fels\u0151-Ausztria Dachstein Hallstatt Obertraun hegy cs\u00facskereszt\" \/><\/p>\r\n<p style=\"text-align: justify\">Mivel a barlangok bej\u00e1rata a felvon\u00f3 \u00e1llom\u00e1s\u00e1n\u00e1l sokkal magasabban ny\u00edlik a hegybe, ez\u00e9rt szerpentines szakaszok is vannak. De m\u00e1r maga az \u00fat is gy\u00f6ny\u00f6r\u0171.<\/p>\r\n<p style=\"text-align: justify\"><img src=\"http:\/\/img.reblog.hu\/blogs\/24924\/pa1108533e07.JPG?w=640\" alt=\"Ausztria Fels\u0151-Ausztria Dachstein Hallstatt Obertraun hegy cs\u00facskereszt\" \/><\/p>\r\n<p style=\"text-align: justify\">A barlangok l\u00e1togat\u00e1sa vezetett t\u00fara keret\u00e9ben lehets\u00e9ges, melyek r\u00e9szvet\u0151inek sz\u00e1ma korl\u00e1tozott. A l\u00e1togat\u00e1shoz az els\u0151 felvon\u00f3 fels\u0151 (egy\u00e9bk\u00e9nt k\u00f6z\u00e9ps\u0151) \u00e1llom\u00e1s\u00e1n\u00e1l kell bejelentkezni, ahol megkapjuk a k\u00f6vetkez\u0151 m\u00e9g szabad helyekkel rendelkez\u0151 csoport sz\u00e1m\u00e1t \u00e9s indul\u00e1si idej\u00e9t. Addigra kell ott lenn\u00fcnk a barlang bej\u00e1rat\u00e1n\u00e1l. A bej\u00e1rat mellett sz\u00e1ml\u00e1l\u00f3 mutatja a k\u00f6vetkez\u0151 csoport sz\u00e1m\u00e1t \u00e9s az indul\u00e1sig visszal\u00e9v\u0151 id\u0151t.<\/p>\r\n<p style=\"text-align: justify\"><img src=\"http:\/\/img.reblog.hu\/blogs\/24924\/pa110764277e.JPG?w=640\" alt=\"Ausztria Fels\u0151-Ausztria Dachstein Hallstatt Obertraun hegy cs\u00facskereszt\" \/><\/p>\r\n<p style=\"text-align: justify\">A j\u00e9gbarlangba l\u00e1togat\u00f3k egy misztikus j\u00e9g \u00e9s szikla vil\u00e1gba cs\u00f6ppennek. A h\u00f3olvad\u00e1skor a m\u00e9szk\u0151be sziv\u00e1rg\u00f3 v\u00edz a barlang fagypont k\u00f6r\u00fcli h\u0151m\u00e9rs\u00e9klet\u00e9n ism\u00e9t megfagy, \u00e9s fantasztikus alakzatokban marad meg a szikl\u00e1k k\u00f6z\u00f6tt, melyeket sz\u00ednes f\u00e9nyekkel vil\u00e1g\u00edtanak meg.<\/p>\r\n<p style=\"text-align: justify\"><img src=\"http:\/\/img.reblog.hu\/blogs\/24924\/pa110828cad8.JPG?w=640\" alt=\"Ausztria Fels\u0151-Ausztria Dachstein Hallstatt Obertraun hegy cs\u00facskereszt\" \/><\/p>\r\n<p>A barlang l\u00e1togat\u00e1s\u00e1hoz szint\u00e9n stabil, cs\u00fasz\u00e1smentes cip\u0151 \u00e9s meleg ruh\u00e1zat sz\u00fcks\u00e9ges, mert ebben a barlangban t\u00e9nyleg nagyon hideg van, hiszen a j\u00e9g is megmarad benne. Erre ny\u00e1ron k\u00fcl\u00f6n\u00f6sen figyeljetek!<\/p>\r\n<p>A bej\u00e1rat \u00e9s a kij\u00e1rat k\u00f6z\u00f6tt jelent\u0151s szintk\u00fcl\u00f6nbs\u00e9get is bej\u00e1rhatunk a kb. 50 perces vezetett t\u00fara keret\u00e9ben, nagyon-nagyon sok l\u00e9pcs\u0151 van a barlangban.<\/p>\r\n<p><img src=\"http:\/\/img.reblog.hu\/blogs\/24924\/pa110832165e.JPG?w=640\" alt=\"Ausztria Fels\u0151-Ausztria Dachstein Hallstatt Obertraun hegy cs\u00facskereszt\" \/><\/p>\r\n<p>Magyar nyelv\u0171 audioguide szint\u00e9n let\u00f6lthet\u0151 a barlang <a href=\"http:\/\/www.dachstein-salzkammergut.com\/sommer\/unterirdisch\/dachstein-eishoehle\/\">honlapj\u00e1r\u00f3l<\/a>.<\/p>\r\n<p style=\"text-align: justify\">Mivel a j\u00e9gbarlangban l\u00e9v\u0151 j\u00e9g minden \u0151szre er\u0151sen megfogyatkozik, \u00e9s tavasszal az olvad\u00e1skor \"\u00e9p\u00fcl\" \u00fajra, ez\u00e9rt minden \u00e9vben m\u00e1s \u00e9s m\u00e1s form\u00e1k, kisebb \u00e9s nagyobb oszlopok, f\u00fcgg\u00f6ny\u00f6k \u00e9s alakzatok figyelhet\u0151k meg.<\/p>\r\n<p style=\"text-align: justify\"><img src=\"http:\/\/img.reblog.hu\/blogs\/24924\/pa1108245571.JPG?w=640\" alt=\"Ausztria Fels\u0151-Ausztria Dachstein Hallstatt Obertraun hegy cs\u00facskereszt\" \/><\/p>\r\n<p style=\"text-align: justify\">Augusztusban a barlangban p\u00e9ntekenk\u00e9nt, 17 \u00f3rakor komoly \u00e9s k\u00f6nnyedebb zenei koncerteket is tartanak, melyeken a r\u00e9szv\u00e9tel k\u00fcl\u00f6n bel\u00e9p\u0151 v\u00e1s\u00e1rl\u00e1sa mellett lehets\u00e9ges. A bel\u00e9p\u0151 \u00e1ra 75 Euro, mely tartalmazza az utaz\u00e1st a felvon\u00f3 I. szakasz\u00e1ra oda-vissza, a bel\u00e9p\u0151t \u00e9s a vezet\u00e9st a barlangban, a koncertet \u00e9s egy j\u00e9gb\u00fcf\u00e9 - \u00e9tkez\u00e9st a Sch\u00f6nbergalm \u00e9lm\u00e9ny\u00e9tteremben.<\/p>\r\n<p style=\"text-align: justify\">A hideg barlang ut\u00e1n j\u00f3l esik ism\u00e9t ki\u00e9rni a napra, \u00e9s visszas\u00e9t\u00e1lni a felvon\u00f3hoz, hiszen itt m\u00e9g csak a hegy fel\u00e9n\u00e9l j\u00e1runk, innen van m\u00e9g feljebb is.<\/p>\r\n<p>A felvon\u00f3 m\u00e1sodik szakasza m\u00e1r a cs\u00facsra visz fel.<\/p>\r\n<p><img src=\"http:\/\/img.reblog.hu\/blogs\/24924\/pa110756403e.JPG?w=640\" alt=\"Ausztria Fels\u0151-Ausztria Dachstein Hallstatt Obertraun hegy cs\u00facskereszt\" \/><\/p>\r\n<p style=\"text-align: justify\">A felvon\u00f3 \u00e9p\u00fclet\u00e9b\u0151l kil\u00e9pve k\u00fcl\u00f6nb\u00f6z\u0151 t\u00fara\u00fatvonalakat tal\u00e1lunk. P\u00e9ld\u00e1ul a Heilbronner Rundwanderweg, mely egy t\u00farak\u00f6r\u00fat a hegytet\u0151n. \u00c1ll\u00edt\u00f3lag Salzkammergut legszebb t\u00fara\u00fatvonala! Az \u00fat mellett van a Dachstein c\u00e1pa, melybe a gyerekek fel is m\u00e1szhatnak, azt\u00e1n a Heilbronn cs\u00facskereszt, ahol eml\u00e9kk\u00f6nyvet tal\u00e1lunk. Ha meglelitek, ne felejtsetek el \u00edrni bele. :)<\/p>\r\n<p>T\u00e1j\u00e9koztat\u00f3 t\u00e1bl\u00e1kon olvashatunk a k\u00f6rny\u00e9kr\u0151l \u00e9s a gleccserr\u0151l.<\/p>\r\n<p><img src=\"http:\/\/img.reblog.hu\/blogs\/24924\/pa1109160d8c.JPG?w=640\" alt=\"Ausztria Fels\u0151-Ausztria Dachstein Hallstatt Obertraun hegy cs\u00facskereszt\" \/><\/p>\r\n<p>\u00c9s csod\u00e1latos kil\u00e1t\u00e1s ny\u00edlik a Dachstein gleccserre, amit egy\u00e9bk\u00e9nt a hegy m\u00e1sik, d\u00e9li oldal\u00e1r\u00f3l, egy klassz kabinos felvon\u00f3val k\u00f6zelebbr\u0151l is megn\u00e9zhet\u00fcnk.<\/p>\r\n<p><img src=\"http:\/\/img.reblog.hu\/blogs\/24924\/pa11091853f9.JPG?w=640\" alt=\"Ausztria Fels\u0151-Ausztria Dachstein Hallstatt Obertraun hegy cs\u00facskereszt\" \/><\/p>\r\n<p style=\"text-align: justify\">Fent tal\u00e1lhat\u00f3 a vil\u00e1g\u00f6r\u00f6ks\u00e9g spir\u00e1l kil\u00e1t\u00f3, ahol m\u00e9g cs\u00facsfot\u00f3t is k\u00e9sz\u00edtenek r\u00f3lunk, melyet a ut\u00f3lag a <a href=\"http:\/\/www.dachstein-salzkammergut.com\/nc\/sommer\/aktuelles\/fotopoint\/\">honlapr\u00f3l<\/a> ingyenesen let\u00f6lthet\u00fcnk, vagy elk\u00fcldhet\u00fcnk k\u00e9peslapk\u00e9nt a bar\u00e1tainknak.<\/p>\r\n<p>Tov\u00e1bb\u00e1 van a hegyen egy kis k\u00e1polna is, ahol megpihenhet\u00fcnk.<\/p>\r\n<p><img src=\"http:\/\/img.reblog.hu\/blogs\/24924\/pa110926469c.JPG?w=640\" alt=\"Ausztria Fels\u0151-Ausztria Dachstein Hallstatt Obertraun hegy cs\u00facskereszt\" \/><\/p>\r\n<p style=\"text-align: justify\">A kil\u00e1t\u00e1s (amit a fot\u00f3k nem adnak vissza) term\u00e9szetesen l\u00e9legzetel\u00e1ll\u00edt\u00f3. Lent a t\u00f3 partj\u00e1n Hallstatt, f\u00f6l\u00f6tte a s\u00f3b\u00e1nya \u00e9s bal oldalon a sikl\u00f3 p\u00e1ly\u00e1ja is l\u00e1that\u00f3.<\/p>\r\n<p style=\"text-align: justify\"><img src=\"http:\/\/img.reblog.hu\/blogs\/24924\/pa1109282dd1.JPG?w=640\" alt=\"Ausztria Fels\u0151-Ausztria Dachstein Hallstatt Obertraun hegy cs\u00facskereszt\" \/><\/p>\r\n<p style=\"text-align: justify\">A gyerekeket \u00e9s az ismeretekre szomjaz\u00f3 feln\u0151tteket k\u00fcl\u00f6nb\u00f6z\u0151 interakt\u00edv, nyomkod\u00f3s, forgat\u00f3s, tudom\u00e1nyos ismeretterjeszt\u0151 oszlopok \u00e9s j\u00e1t\u00e9kok v\u00e1rj\u00e1k.<\/p>\r\n<p style=\"text-align: justify\"><img src=\"http:\/\/img.reblog.hu\/blogs\/24924\/pa1109462c7a.JPG?w=640\" alt=\"Ausztria Fels\u0151-Ausztria Dachstein Hallstatt Obertraun hegy cs\u00facskereszt\" \/><\/p>\r\n<p style=\"text-align: justify\">Az extr\u00e9m sportok kedvel\u0151inek sikl\u00f3erny\u0151z\u00e9si lehet\u0151s\u00e9g is van.<\/p>\r\n<p style=\"text-align: justify\"><img src=\"http:\/\/img.reblog.hu\/blogs\/24924\/pa1109504fb1.JPG?w=640\" alt=\"Ausztria Fels\u0151-Ausztria Dachstein Hallstatt Obertraun hegy cs\u00facskereszt\" \/><\/p>\r\n<p style=\"text-align: justify\">De a legnagyobb attrakci\u00f3, ami a legt\u00f6bb turist\u00e1t vonzza, az a Five Fingers kil\u00e1t\u00f3. Ez egy ac\u00e9l szerkezet, mely kiny\u00falik a szikla sz\u00e9l\u00e9r\u0151l \u00e9s alatta nincs semmi. Illetve de, 400 m\u00e9ter m\u00e9ly szakad\u00e9k, ami szerintem nem semmi. :)<\/p>\r\n<p style=\"text-align: justify\"><img src=\"http:\/\/img.reblog.hu\/blogs\/24924\/pa1109607aef.JPG?w=640\" alt=\"Ausztria Fels\u0151-Ausztria Dachstein Hallstatt Obertraun hegy cs\u00facskereszt\" \/><\/p>\r\n<p style=\"text-align: justify\">A Five Fingers kil\u00e1t\u00f3nak \u00f6t \"ujja\" van, \u00f6t k\u00fcl\u00f6nb\u00f6z\u0151 kiny\u00fal\u00f3 terasz. Az egyiknek \u00fcvegb\u0151l van az alja, a m\u00e1sikban egy k\u00e9pkeret m\u00f6g\u00e9 \u00e1llva f\u00e9nyk\u00e9pezkedhet\u00fcnk. Van amib\u0151l egy ugr\u00f3deszka \u00e1ll ki ejt\u0151ern\u0151s\u00f6knek. Van amelyikben t\u00e1vcs\u0151 van.<\/p>\r\n<p style=\"text-align: justify\"><img src=\"http:\/\/img.reblog.hu\/blogs\/24924\/pa1109744bf1.JPG?w=640\" alt=\"Ausztria Fels\u0151-Ausztria Dachstein Hallstatt Obertraun hegy cs\u00facskereszt\" \/><\/p>\r\n<p style=\"text-align: justify\">De az eg\u00e9sz szerkezet alja ac\u00e9lr\u00e1csb\u00f3l k\u00e9sz\u00fclt, ez\u00e9rt t\u00e9riszonyosok a k\u00f6zel\u00e9be sem mernek majd menni. Pedig \u00e9rdemes, mert a kil\u00e1t\u00e1s fantasztikusan sz\u00e9p r\u00f3la. (Na j\u00f3, \u00e9n sem mentem ki, mell\u0151le is sz\u00e9p.) :)<\/p>\r\n<p style=\"text-align: justify\"><img src=\"http:\/\/img.reblog.hu\/blogs\/24924\/pa110964606c.JPG?w=640\" alt=\"Ausztria Fels\u0151-Ausztria Dachstein Hallstatt Obertraun hegy cs\u00facskereszt\" \/><\/p>\r\n<p>A k\u00f6rnyez\u0151 hegyek \u00e9s lent a Hallsatti t\u00f3 gy\u00f6ny\u00f6r\u0171.<\/p>\r\n<p>\u00c9s cs\u00facskereszt is van term\u00e9szetesen, a Five Fingers mellett.<\/p>\r\n<p><img src=\"http:\/\/img.reblog.hu\/blogs\/24924\/pa110984d35b.JPG?w=640\" alt=\"Ausztria Fels\u0151-Ausztria Dachstein Hallstatt Obertraun hegy cs\u00facskereszt\" \/><\/p>\r\n<p style=\"text-align: justify\">Ha erre j\u00e1rtok, ki ne hagyj\u00e1tok ezt a hegyi \u00e9lm\u00e9nyvil\u00e1got! De b\u00e1rmilyen meleg is van lent a v\u00f6lgyben, k\u00e9sz\u00fcljetek r\u00e1, hogy fent h\u0171v\u00f6sebb lesz. A barlangokba pedig mindenk\u00e9ppen meleg (szinte t\u00e9li) ruh\u00e1zat sz\u00fcks\u00e9ges.<\/p>\r\n<p style=\"text-align: justify\">A hegyre legk\u00f6nnyebb felmenni a Dachsteinseilbahn nagy-kabinos felvon\u00f3val. A hegyen l\u00e9v\u0151 barlangok nyitvatart\u00e1si ideje a felvon\u00f3 \u00fczemidej\u00e9hez igazodik.<\/p>\r\n<p>Menetjegy \u00e1rak 2017 ny\u00e1r (feln\u0151tt \/ di\u00e1k \/ gyerek \/ senior):<\/p>\r\n<ul>\r\n<li>Panor\u00e1majegy mindh\u00e1rom felvon\u00f3ra oda-vissza: 30 \/ 27,40 \/ 16,50 \/ 27,90 Euro<\/li>\r\n<li>Felvon\u00f3 I. szakasz oda-vissza + j\u00e9g- VAGY mamutbarlang: 31,60 \/ 28,40 \/ 17,30 \/ 29,50 Euro<\/li>\r\n<li>Felvon\u00f3 I. szakasz oda-vissza + j\u00e9g \u00c9S mamutbarlang: 38,40 \/ 34,60 \/ 21,10 \/ 35,80 Euro<\/li>\r\n<li>Felvon\u00f3 I. + II. szakasz oda-vissza + j\u00e9g VAGY mamutbarlang: 42,10 \/ 37,90 \/ 23,40 \/ 39,50 Euro<\/li>\r\n<li>All Inckusive jegy (felvon\u00f3 I., II., III. szakasz + j\u00e9g \u00c9S mamutbarlang): 44,40 \/ 39,60 \/ 24,50 \/ 41,30 Euro<\/li>\r\n<li>kutya vihet\u0151, b\u00e1rmilyen m\u00e1s jegyhez p\u00f3r\u00e1zon \u00e9s sz\u00e1jkos\u00e1rral: 6 Euro<\/li>\r\n<\/ul>\r\n<p style=\"text-align: justify\">Feln\u0151ttnek sz\u00e1m\u00edt aki elm\u00falt 19 \u00e9ves, di\u00e1k aki 16-19 \u00e9v k\u00f6z\u00f6tti, gyermek aki 16 \u00e9v alatti \u00e9s senior aki 60 \u00e9v feletti.<br \/>Van m\u00e9g csal\u00e1di jegy, buszos \u00e9s iskol\u00e1s csoportoknak kedvezm\u00e9ny, valamint k\u00fcl\u00f6nb\u00f6z\u0151 ny\u00e1ri k\u00e1rty\u00e1kra kedvezm\u00e9nyes jegy v\u00e1s\u00e1rolhat\u00f3. P\u00e9ld\u00e1ul a Schladming-Dachstein SommerCard-ra a Panor\u00e1ma-jegy 27,90 Eur\u00f3s \u00e1ron kaphat\u00f3, a felvon\u00f3 I. szakasz oda vissza + j\u00e9g- VAGY mamutbarlang 29,50 Euro, a felvon\u00f3 I. + II. szakasz oda-vissza + j\u00e9g VAGY mamutbarlang 39,50 Euro.<\/p>\r\n<p>Nyitva tart\u00e1s + a felvon\u00f3k \u00fczemideje (utols\u00f3 v\u00f6lgymenet indul\u00e1si id\u0151pontja):<\/p>\r\n<p style=\"text-align: justify\">Felvon\u00f3 I. \u00e9s II. szakasz + j\u00e9gbarlang: 2017.04.29. - 2017.10.29. k\u00f6z\u00f6tt \u00fczemel, a felvon\u00f3 naponta 8:40-t\u0151l 17:10 \u00f3r\u00e1ig j\u00e1r, a barlangban a vezet\u00e9s 9:20-t\u00f3l 15:30-ig folyamatosan indul,<br \/>Mamutbarlang: 2017.05.06. - 2017.10.29. k\u00f6z\u00f6tt tart nyitva, vezet\u00e9s 10:30-t\u00f3l 14:25 \u00f3r\u00e1ig indul<br \/>Felvon\u00f3 III. szakasz 2017.06.11. - 2017.10.29. k\u00f6z\u00f6tt \u00fczemel, d\u00e9lut\u00e1n 16:50-ig.<\/p>\r\n<p style=\"text-align: justify\">A felvon\u00f3k menetrend szerint 15 percenk\u00e9nt indulnak fel \u00e9s le. Ig\u00e9ny eset\u00e9n (nagy t\u00f6meg) folyamatosan j\u00e1rnak. Ny\u00e1ron, 06.11. \u00e9s 09.10. k\u00f6z\u00f6tt f\u00e9l \u00f3r\u00e1val k\u00e9s\u0151bb indul az utols\u00f3 kabin lefel\u00e9. <strong>A barlangok l\u00e1togat\u00e1s\u00e1hoz a k\u00f6z\u00e9ps\u0151 \u00e1llom\u00e1son kisz\u00e1ll\u00e1s ut\u00e1n id\u0151pontot kell egyeztetni (!), hogy melyik vezet\u00e9sre \u00e9r\u00fcnk oda, illetve van-e m\u00e9g akkor hely.<\/strong><\/p>\r\n<p><img src=\"http:\/\/img.reblog.hu\/blogs\/24924\/pa1109711db8.JPG?w=640\" alt=\"Ausztria Fels\u0151-Ausztria Dachstein Hallstatt Obertraun hegy cs\u00facskereszt\" \/><\/p>\r\n<p>Azt\u00e1n, ha az \u00e9szaki oldalt m\u00e1r bej\u00e1rt\u00e1tok, menjetek \u00e1t a Dachstein d\u00e9li oldal\u00e1ra is, mert ott is van <a href=\"https:\/\/kirandulo.cafeblog.hu\/2017\/06\/15\/felvonoval-nyarbol-a-telbe-dachstein-sudwandbahn\/\">nagy-kabinos felvon\u00f3<\/a> \u00e9s vannak a <a href=\"https:\/\/kirandulo.cafeblog.hu\/2017\/06\/22\/hogolyozas-nyaron-dachstein-gleccser\/\">hegyen \u00e9lm\u00e9nyek<\/a>. :)<\/p>\r\n<p>\u00c9s ha szeretn\u00e9tek \u00e9rtes\u00fclni az \u00faj bejegyz\u00e9sekr\u0151l, k\u00f6vess\u00e9tek a <a href=\"https:\/\/www.facebook.com\/kirandulo.blog\/\">Kir\u00e1ndul\u00f3 facebook<\/a> oldal\u00e1t is.<\/p>","type":"rich","thumbnail_url":"https:\/\/kirandulo.cafeblog.hu\/files\/2017\/08\/pa1109607aef-150x150.jpg","thumbnail_width":150,"thumbnail_height":150}