{"version":"1.0","provider_name":"Kir\u00e1ndul\u00f3","provider_url":"https:\/\/kirandulo.cafeblog.hu","author_name":"Kir\u00e1ndul\u00f3 Kata","author_url":"https:\/\/kirandulo.cafeblog.hu\/author\/lukacskatalin71gmail-com\/","title":"H\u00f3goly\u00f3z\u00e1s ny\u00e1ron - Dachstein gleccser","html":"<p style=\"text-align: justify\">H\u00f3goly\u00f3ztatok m\u00e1r ny\u00e1ron? Ha m\u00e9g nem, de szeretn\u00e9tek, akkor kir\u00e1nduljatok el a Dachstein hegy d\u00e9li lejt\u0151j\u00e9hez, ahonnan egy <a href=\"https:\/\/kirandulo.cafeblog.hu\/2017\/06\/15\/felvonoval-nyarbol-a-telbe-dachstein-sudwandbahn\/\">kabinos felvon\u00f3<\/a> 2700 m\u00e9teres magass\u00e1gba rep\u00edt, a Dachstein gleccserhez.<\/p>\r\n<p style=\"text-align: justify\">T\u00e9len hatalmas s\u00edparadicsom, \u00e9s nemcsak lesikl\u00f3 p\u00e1ly\u00e1kkal, hanem hossz\u00fa s\u00edfut\u00f3 p\u00e1lya is van, meg k\u00fcl\u00f6nb\u00f6z\u0151 ugrat\u00f3k \u00e9s cs\u00fasz\u00f3cs\u00f6vek snowboard-osoknak. \u00c9s mindez meg van ny\u00e1ron is! Aki annyira szeret s\u00edelni, hogy ny\u00e1ron sem akar lemondani r\u00f3la, annak itt a helye! De a s\u00edel\u00e9sen k\u00edv\u00fcl sok m\u00e1s \u00e9rdekess\u00e9get is k\u00edn\u00e1l ez a hegy!<\/p>\r\n<p style=\"text-align: justify\"><img class=\"alignnone  wp-image-1507\" src=\"https:\/\/kirandulo.cafeblog.hu\/files\/2017\/06\/P6213188x-300x191.jpg\" alt=\"\" width=\"1142\" height=\"727\" \/><\/p>\r\n<p style=\"text-align: justify\">Hol tal\u00e1lhat\u00f3? Ausztri\u00e1ban, St\u00e1jerorsz\u00e1g nyugati v\u00e9g\u00e9n, <a href=\"https:\/\/kirandulo.cafeblog.hu\/2017\/05\/25\/ekszerdoboz-az-enns-volgyeben-schladming\/\">Schladming<\/a>-t\u00f3l nem messze, Ramsau am Dachstein falu mellett. T\u00e9rk\u00e9pen <a href=\"https:\/\/www.google.com\/maps\/d\/viewer?mid=1I4BMYAqxmO9nmv-5TGp-o5i3U_g&amp;ll=47.43074805398461%2C13.654054038769573&amp;z=12\">ITT<\/a><\/p>\r\n<p>A Dachstein gleccser az UNESCO vil\u00e1g\u00f6r\u00f6ks\u00e9g r\u00e9sze, \u00e9s St\u00e1jerorsz\u00e1g No1. kir\u00e1ndul\u00e1si c\u00e9lpontja.<\/p>\r\n<p style=\"text-align: justify\">\u00c9s a kir\u00e1ndul\u00e1si lehet\u0151s\u00e9gek m\u00e1r a v\u00f6lgyben kezd\u0151dnek. R\u00f6gt\u00f6n a v\u00f6lgy\u00e1llom\u00e1s mellett indul az a gyalog\u00fat, ami a hegyoldalban l\u00e9v\u0151 mened\u00e9kh\u00e1zhoz, a S\u00fcdwandh\u00fctte-hez vezet. Keskeny, k\u00f6ves, szikl\u00e1s, havas, de csod\u00e1latos \u00fat!<\/p>\r\n<p style=\"text-align: justify\"><img class=\"alignnone  wp-image-1542\" src=\"https:\/\/kirandulo.cafeblog.hu\/files\/2017\/06\/P7207023-300x170.jpg\" alt=\"\" width=\"1076\" height=\"610\" \/><\/p>\r\n<p style=\"text-align: justify\">A mened\u00e9kh\u00e1z 1871 m\u00e9ter magass\u00e1gban tal\u00e1lhat\u00f3. (V\u00f6lgy\u00e1llom\u00e1s 1702 m, csak a viszony\u00edt\u00e1s kedv\u00e9\u00e9rt.)<\/p>\r\n<p style=\"text-align: justify\"><img class=\"alignnone  wp-image-1530\" src=\"https:\/\/kirandulo.cafeblog.hu\/files\/2017\/06\/P7206925-300x196.jpg\" alt=\"\" width=\"1094\" height=\"715\" \/><\/p>\r\n<p style=\"text-align: justify\">A m\u00e1sik lehet\u0151s\u00e9g a v\u00f6lgyb\u0151l, a sziklam\u00e1sz\u00e1s.<\/p>\r\n<p style=\"text-align: justify\"><img class=\"alignnone  wp-image-1531\" src=\"https:\/\/kirandulo.cafeblog.hu\/files\/2017\/06\/P7206927-300x216.jpg\" alt=\"\" width=\"1142\" height=\"822\" \/><\/p>\r\n<p style=\"text-align: justify\">A hegyre 14 k\u00fcl\u00f6nb\u00f6z\u0151 Kettlersteig (Via Ferrata), azaz vasalt \u00fat is vezet, a kabinos felvon\u00f3 mellett.<\/p>\r\n<p style=\"text-align: justify\"><img class=\"alignnone  wp-image-1538\" src=\"https:\/\/kirandulo.cafeblog.hu\/files\/2017\/06\/P7207006-300x219.jpg\" alt=\"\" width=\"1162\" height=\"848\" \/><\/p>\r\n<p style=\"text-align: justify\">A kabinos felvon\u00f3 is egy nagy \u00e9lm\u00e9ny, k\u00e9t dolog miatt is. Az egyik, hogy a felvon\u00f3 v\u00f6lgy \u00e9s hegy\u00e1llom\u00e1sa k\u00f6z\u00f6tt csak a kifesz\u00edtett dr\u00f3tk\u00f6t\u00e9l l\u00f3g, nincs oszlop. Ez els\u0151 r\u00e1n\u00e9z\u00e9sre kicsit f\u00e9lelmetes, de teljesen biztons\u00e1gos. Ami azonban m\u00e9g enn\u00e9l is nagyobb \u00e9lm\u00e9ny, az az egyik kabin tetej\u00e9n tal\u00e1lhat\u00f3 terasz, ahol 10 szerencs\u00e9s \u00e9s nagyon b\u00e1tor v\u00e1llalkoz\u00f3 utazhat fel vagy le.<\/p>\r\n<p style=\"text-align: justify\"><img class=\"alignnone  wp-image-1506\" src=\"https:\/\/kirandulo.cafeblog.hu\/files\/2017\/06\/DSCF7263-300x199.jpg\" alt=\"\" width=\"1146\" height=\"760\" \/><\/p>\r\n<p style=\"text-align: justify\">A felvon\u00f3 hegy\u00e1llom\u00e1sa mellett egy kil\u00e1t\u00f3terasz ny\u00falik a m\u00e9lys\u00e9g f\u00f6l\u00e9, r\u00e1ad\u00e1sul a v\u00e9g\u00e9n a padl\u00f3 \u00fcvegb\u0151l van. Skywalk, ahol a talpunk alatt 250 m\u00e9ter m\u00e9ly a szakad\u00e9k. T\u00e9riszonyosoknak nem nagyon aj\u00e1nlom, pedig a kil\u00e1t\u00e1s leny\u0171g\u00f6z\u0151 a k\u00f6rnyez\u0151 hegyvonulatokra! Nemcsak a Schladminger Tauern cs\u00facsai l\u00e1tszanak, hanem megfelel\u0151 id\u0151j\u00e1r\u00e1si viszonyok eset\u00e9n ell\u00e1thatunk ak\u00e1r Szlov\u00e9ni\u00e1ig, a Triglav hegys\u00e9gig is. (A Skywalk terasz ingyenes.)<\/p>\r\n<p style=\"text-align: justify\"><img class=\"alignnone  wp-image-1516\" src=\"https:\/\/kirandulo.cafeblog.hu\/files\/2017\/06\/P6213212-300x204.jpg\" alt=\"\" width=\"1140\" height=\"775\" \/><\/p>\r\n<p style=\"text-align: justify\">A hegy\u00e1llom\u00e1s m\u00e1sik oldal\u00e1n \"kitett \u00faton\", ac\u00e9lszerkezetb\u0151l a szikla oldal\u00e1hoz r\u00f6gz\u00edtett, a szakad\u00e9k f\u00f6l\u00e9 ny\u00fal\u00f3 \u00faton mehet\u00fcnk a \"l\u00e9pcs\u0151 a semmibe\" lej\u00e1rathoz. 14 kis l\u00e9pcs\u0151 vezet egy \u00fcvegpadl\u00f3s teraszra a semmi f\u00f6l\u00f6tt. Illetve ami alatta van, az nem semmi, hanem egy 400 m\u00e9ter m\u00e9ly szakad\u00e9k. :)<\/p>\r\n<p style=\"text-align: justify\"><img class=\"alignnone  wp-image-1505\" src=\"https:\/\/kirandulo.cafeblog.hu\/files\/2017\/06\/DSCF7109-300x199.jpg\" alt=\"\" width=\"1135\" height=\"753\" \/><\/p>\r\n<p style=\"text-align: justify\">Itt tal\u00e1lhat\u00f3 tov\u00e1bb\u00e1 Ausztria legmagasabban l\u00e9v\u0151 f\u00fcgg\u0151h\u00eddja. 2013-ban nyitott\u00e1k meg, \u00e9s l\u00e9legzetel\u00e1ll\u00edt\u00f3 panor\u00e1ma t\u00e1rul el\u00e9nk a h\u00eddr\u00f3l mind d\u00e9lre a Schladminger Trauern fel\u00e9, mind \u00e9szakra, a Dachstein massz\u00edvum fel\u00e9.<\/p>\r\n<p style=\"text-align: justify\"><img class=\"alignnone  wp-image-1533\" src=\"https:\/\/kirandulo.cafeblog.hu\/files\/2017\/06\/P7206938-300x184.jpg\" alt=\"\" width=\"1136\" height=\"697\" \/><\/p>\r\n<p style=\"text-align: justify\">A f\u00fcgg\u0151h\u00eddon \u00e9s az ac\u00e9lszerkezetes \u00faton kereszt\u00fcl juthatunk a Dachstein Eispalast-ba. (Aki arra nem v\u00e1llalja, az bemehet a m\u00e1sik v\u00e9g\u00e9n l\u00e9v\u0151, k\u00e9k-s\u00e1rga kij\u00e1raton is. Ez l\u00e1tszik a fot\u00f3n.) Az Eispalast a gleccser jeg\u00e9be 6 m\u00e9ter m\u00e9lyen fut\u00f3, v\u00e9sett \u00e9s faragott barlangrendszer, mely csod\u00e1latos, misztikus, j\u00e9gb\u0151l \u00e9s h\u00f3b\u00f3l \u00e1ll\u00f3 vil\u00e1got rejt m\u00e9lyen a gleccser jege alatt. A j\u00e9gszobrokat minden \u00e9vben \u00fajra faragj\u00e1k, \u00edgy minden \u00e9vben m\u00e1s szobrokat l\u00e1thatunk.<\/p>\r\n<p style=\"text-align: justify\">2017-ben 10 \u00e9ves a j\u00e9gbarlang! Az idei \u00e9v mott\u00f3ja \"St\u00e1jerorsz\u00e1g\", \u00e9s a tartom\u00e1ny h\u00edres \u00e9s k\u00f6zismert nevezetess\u00e9geit faragt\u00e1k ki j\u00e9gb\u0151l. Megtal\u00e1lhat\u00f3 a j\u00e9gbarlangban t\u00f6bbek k\u00f6z\u00f6tt az Altausse-i s\u00f3b\u00e1nya, a schladmingi Hopsi ny\u00fal, a Riegersburgi v\u00e1r, a graz-i \u00f3ratorony \u00e9s a spielberg-i Red Bull Ring is.<\/p>\r\n<p style=\"text-align: justify\"><img class=\"alignnone  wp-image-1534\" src=\"https:\/\/kirandulo.cafeblog.hu\/files\/2017\/06\/P7206966-300x201.jpg\" alt=\"\" width=\"1145\" height=\"767\" \/><\/p>\r\n<p style=\"text-align: justify\">De a minden \u00e9vben v\u00e1ltoz\u00f3 j\u00e9gszobrokon k\u00edv\u00fcl van egy \u00e1lland\u00f3 palota r\u00e9sz is kir\u00e1lyi tr\u00f3nnal, \u00e9s oda k\u00e9sz\u00edtett koron\u00e1val \u00e9s pal\u00e1sttal, ahol kir\u00e1lynak be\u00f6lt\u00f6zve fog\u00f3zkodhatunk. A v\u00e1ltoz\u00f3 sz\u00edn\u0171 vil\u00e1g\u00edt\u00e1snak k\u00f6sz\u00f6nhet\u0151en egy misztikus, k\u00fcl\u00f6nleges vil\u00e1gba cs\u00f6ppen\u00fcnk a j\u00e9g \"gyomr\u00e1ban\". :)<\/p>\r\n<p style=\"text-align: justify\"><img class=\"alignnone  wp-image-1520\" src=\"https:\/\/kirandulo.cafeblog.hu\/files\/2017\/06\/P6213244-300x186.jpg\" alt=\"\" width=\"1127\" height=\"699\" \/><\/p>\r\n<p>Nyitva tart\u00e1s: naponta 8:30-t\u00f3l 16:30-ig.<\/p>\r\n<p>Bel\u00e9p\u0151jegy \u00e1rak (feln\u0151tt \/ di\u00e1k \/ gyerek):<\/p>\r\n<ul>\r\n<li>Eispalast \u00e9s f\u00fcgg\u0151h\u00edd egy\u00fctt: 10 \/ 8 \/ 5,50 Euro<\/li>\r\n<li>csak f\u00fcgg\u0151h\u00edd: 3 Euro (gyerekeknek ingyenes)<\/li>\r\n<\/ul>\r\n<p>Feln\u0151tt 18 \u00e9ves kor felett, gyerek 15 \u00e9ves kor alatt, di\u00e1k a kett\u0151 k\u00f6z\u00f6tt.<br \/> SommerCard-ra sajnos nincs kedvezm\u00e9ny.<\/p>\r\n<p style=\"text-align: justify\">A j\u00e9gbarlangba lehet\u0151leg cs\u00fasz\u00e1smentes cip\u0151be menjetek, mert ott minden j\u00e9gb\u0151l van, a padl\u00f3 is. B\u00e1r a padl\u00f3 \u00e9rdes\u00edtve van, az\u00e9rt cs\u00faszik. Ide k\u00e9sz\u00fcljetek meleg ruh\u00e1val ny\u00e1ron is, mert hi\u00e1ba s\u00fct a nap kint melegen, bent 0 fok alatti a h\u0151m\u00e9rs\u00e9klet.<\/p>\r\n<p>Enn\u00e9l sokkal kellemesebb a kl\u00edma a Gletscher-Restaurat-ban, a felvon\u00f3 hegy\u00e1llom\u00e1s\u00e1n\u00e1l, kimagasl\u00f3 gasztron\u00f3miai k\u00edn\u00e1lattal \u00e9s \u00f6sszehasonl\u00edthatatlan kil\u00e1t\u00e1ssal. \u00c9s m\u00e9g valami miatt egyed\u00fcl\u00e1ll\u00f3: St\u00e1jerorsz\u00e1g \u00e9s Fels\u0151-Ausztria hat\u00e1ra pont kett\u00e9szeli az \u00e9ttermet.<\/p>\r\n<p>De a hegy f\u0151 attrakci\u00f3ja ny\u00e1ron is a s\u00edel\u00e9s.<\/p>\r\n<p><img class=\"alignnone  wp-image-1532\" src=\"https:\/\/kirandulo.cafeblog.hu\/files\/2017\/06\/P7206933-300x181.jpg\" alt=\"\" width=\"1132\" height=\"683\" \/><\/p>\r\n<p style=\"text-align: justify\">J\u00e1rnak a h\u00faz\u00f3-liftek, lehet s\u00edelni, snowboard-ozni, s\u00edfutni. S\u0151t! A \"Superpark Dachstein\" igazi paradicsom a freestyle kedvel\u0151 snowbord-osoknak \u00e9s s\u00edel\u0151knek. Tavaszt\u00f3l \u0151szig ez az Alpok legnagyobb ilyen freestyle parkja, ahova eg\u00e9sz Eur\u00f3p\u00e1b\u00f3l j\u00f6nnek a sport szerelmesei. A felvon\u00f3 fels\u0151 \u00e1llom\u00e1s\u00e1n \u00f6lt\u00f6z\u0151 is van, z\u00e1rhat\u00f3 szekr\u00e9nyekkel, meg persze kultur\u00e1lt vizesblokk. \u00c9s s\u00ed szerel\u0151 pont csavarh\u00faz\u00f3kkal, kulcsokkal. :)<\/p>\r\n<p><img class=\"alignnone  wp-image-1537\" src=\"https:\/\/kirandulo.cafeblog.hu\/files\/2017\/06\/P7207002-300x187.jpg\" alt=\"\" width=\"1142\" height=\"712\" \/><\/p>\r\n<p>A s\u00edfut\u00f3kat pedig egy 5 km hossz\u00fa s\u00edfut\u00f3p\u00e1lya v\u00e1rja.<\/p>\r\n<p><img class=\"alignnone  wp-image-1536\" src=\"https:\/\/kirandulo.cafeblog.hu\/files\/2017\/06\/P7206995-300x169.jpg\" alt=\"\" width=\"1143\" height=\"644\" \/><\/p>\r\n<p>Persze t\u00fara\u00fatvonalak is vannak. Megfelel\u0151 felszerel\u00e9ssel, els\u0151sorban megfelel\u0151 l\u00e1bbeliben \u00e9rdemes nekiv\u00e1gni, mert csod\u00e1s kil\u00e1t\u00e1st \u00edg\u00e9r\u0151 t\u00fara\u00fat vezet a k\u00f6zeli Gjaidstein cs\u00facsokhoz. (Az \u00fat el\u0151sz\u00f6r a s\u00edp\u00e1ly\u00e1kon, illetve a havon kereszt\u00fcl vezet.) A Kleiner-Gjaidstein cs\u00facs 2734, a Hoher-Gjaidstein cs\u00facs 2794 m\u00e9ter magasan van (2700-r\u0151l indulva ez nem v\u00e9szes). Az alacsonyabbik cs\u00facsr\u00f3l 1,5-2 \u00f3ra alatt lehet megfordulni, a magasabbikr\u00f3l kb. 2,5 - 3 \u00f3ra alatt. <br \/>De fel lehet menni a Hoher Dachstein 2995 m\u00e9ter magas cs\u00facs\u00e1hoz is, viszont a cs\u00facshoz m\u00e1r csak Klettersteig, azaz vasalt \u00fat vezet. Innen kb. 3 \u00f3ra alatt lehet megfordulni.<\/p>\r\n<p>S\u0151t, k\u00fcl\u00f6nleges napfelkelte \u00e9s naplemente t\u00far\u00e1kat is szerveznek. Napfelkelte t\u00far\u00e1k 2017-ban j\u00falius 2. \u00e9s szeptember 3. k\u00f6z\u00f6tt minden vas\u00e1rnap, kedden \u00e9s cs\u00fct\u00f6rt\u00f6k\u00f6n lesznek megfelel\u0151 l\u00e9tsz\u00e1m eset\u00e9n, \u00e1ra 61 Euro. Naplemente t\u00fara szeptember 14. \u00e9s okt\u00f3ber 28. k\u00f6z\u00f6tt minden kedden \u00e9s szombaton lesz megfelel\u0151 l\u00e9tsz\u00e1m eset\u00e9n, \u00e1ra 72 Euro. Mindkett\u0151re el\u0151zetes online regisztr\u00e1ci\u00f3 sz\u00fcks\u00e9ges a www.derdachstein.at oldalon. (Ezekre a SommerCard \u00e1ltal k\u00edn\u00e1lt egyszeri ingyenes felvon\u00f3z\u00e1s nem \u00e9rv\u00e9nyes.)<\/p>\r\n<p><img class=\"alignnone  wp-image-1518\" src=\"https:\/\/kirandulo.cafeblog.hu\/files\/2017\/06\/P6213216-300x188.jpg\" alt=\"\" width=\"1143\" height=\"716\" \/><\/p>\r\n<p style=\"text-align: justify\">Ha erre j\u00e1rtok, ki ne hagyj\u00e1tok ezt a hegyi \u00e9lm\u00e9nyvil\u00e1got! De b\u00e1rmilyen meleg is van lent a v\u00f6lgyben, k\u00e9sz\u00fcljetek r\u00e1, hogy fent h\u0171v\u00f6sebb lesz. A h\u00f3 miatt ny\u00e1ron is el\u0151fordul, hogy alig megy 5 fok f\u00f6l\u00e9 a h\u0151m\u00e9rs\u00e9klet. De kifoghattok egy olyan j\u00f3 id\u0151t is, mint \u00e9n, amikor melegen s\u00fct\u00f6tt a nap \u00e9s csak a j\u00e9gbarlangban volt sz\u00fcks\u00e9g kab\u00e1tra.<\/p>\r\n<p style=\"text-align: justify\">Cip\u0151vel \u00fagy k\u00e9sz\u00fcljetek, hogy ha lementek a j\u00e9gbarlangba, akkor egy k\u00e1s\u00e1s-havas r\u00e9szen mindenk\u00e9ppen \u00e1t kell menni. Ott ak\u00e1r bok\u00e1ig is s\u00fcllyedhettek a h\u00f3ban. (\u00c9n pr\u00f3b\u00e1ltam ny\u00e1ron t\u00faraszand\u00e1lban is, h\u00e1t kicsit h\u00fcly\u00e9nek n\u00e9ztek a h\u00f3tapos\u00f3s emberek. Azt tudtam, hogy lesz h\u00f3, de azt nem, hogy bele is kell menni. De v\u00e9g\u00fclis legal\u00e1bb nem \u00e1zott el a cip\u0151m \u00e9s lefel\u00e9 el\u00e9g hamar megsz\u00e1radt a l\u00e1bam. Az\u00e9rt Ti ne csin\u00e1lj\u00e1tok ut\u00e1nam.) :)<\/p>\r\n<p><img class=\"alignnone  wp-image-1528\" src=\"https:\/\/kirandulo.cafeblog.hu\/files\/2017\/06\/P7206920-300x183.jpg\" alt=\"\" width=\"1141\" height=\"696\" \/><\/p>\r\n<p>A hegyre legk\u00f6nnyebb felmenni a S\u00fcdwandbahn nagy-kabinos felvon\u00f3val. A hegyen l\u00e9v\u0151 attrakci\u00f3k nyitvatart\u00e1si ideje a felvon\u00f3 \u00fczemidej\u00e9hez igazodik.<\/p>\r\n<p>A felvon\u00f3 ny\u00e1ron (07.01-t\u0151l 09.10-ig) minden nap 7:50-t\u0151l 17:30-ig j\u00e1r, menetrend szerint 15 percenk\u00e9nt, de ig\u00e9ny eset\u00e9n (ha \"kicsit\" nagy a t\u00f6meg) folyamatosan ind\u00edtj\u00e1k a kabinokat. Az utaz\u00e1s hossza 6 perc.<\/p>\r\n<p>\u00c1rak 2017 (feln\u0151tt \/ di\u00e1k \/ gyerek):<\/p>\r\n<ul>\r\n<li>hegy \u00c9S v\u00f6lgymenet: 37 \/ 28 \/ 18,50 Euro<\/li>\r\n<li>hegy \u00c9S v\u00f6lgymenet 13 \u00f3ra ut\u00e1n: 32 \/ 24 \/ 16 Euro<\/li>\r\n<li>hegy VAGY v\u00f6lgymenet: 22,50 \/ 17 \/ 11,50 Euro<\/li>\r\n<li>kutya p\u00f3r\u00e1zon \u00e9s sz\u00e1jkos\u00e1rral: 4 Euro<\/li>\r\n<\/ul>\r\n<p>Feln\u0151ttnek sz\u00e1m\u00edt az, aki 1998 el\u0151tt sz\u00fcletett, di\u00e1k az, aki 1999-2001 k\u00f6z\u00f6tt sz\u00fcletett \u00e9s gyermek az aki 2002 ut\u00e1n sz\u00fcletett. A gyerekeknek \u00e9s di\u00e1koknak a sz\u00fclet\u00e9si \u00e9v igazol\u00e1s\u00e1hoz f\u00e9nyk\u00e9pes igazolv\u00e1ny felmutat\u00e1sa sz\u00fcks\u00e9ges.<\/p>\r\n<p><img class=\"alignnone  wp-image-1511\" src=\"https:\/\/kirandulo.cafeblog.hu\/files\/2017\/06\/P6213195-300x190.jpg\" alt=\"\" width=\"1137\" height=\"720\" \/><\/p>\r\n<p>DE!<\/p>\r\n<p>Ha ak\u00e1r egy \u00e9jszak\u00e1t is a k\u00f6rny\u00e9ken t\u00f6lt\u00fcnk (a partner sz\u00e1ll\u00e1sad\u00f3kn\u00e1l), akkor kapunk egy n\u00e9vre sz\u00f3l\u00f3 Schladming-Dachstein SommerCard-ot, amivel t\u00f6bbsz\u00e1z helyre mehet\u00fcnk be ingyen, vagy kedvezm\u00e9nyes \u00e1ron.<\/p>\r\n<p>P\u00e9ld\u00e1ul a Dachstein S\u00fcdwandbahn felvon\u00f3 is INGYEN haszn\u00e1lhat\u00f3 egy alkalommal, ha legal\u00e1bb K\u00c9T \u00e9jszak\u00e1t t\u00f6lt\u00fcnk itt. H\u00e1t \u00edgy m\u00e9gjobban meg\u00e9ri! :)<\/p>\r\n<p><img class=\"alignnone  wp-image-1517\" src=\"https:\/\/kirandulo.cafeblog.hu\/files\/2017\/06\/P6213213-300x180.jpg\" alt=\"\" width=\"1113\" height=\"668\" \/><\/p>\r\n<p>Rem\u00e9lem kedvet kaptatok \u00e9s egyszer felmentek ny\u00e1ron a Dachstein-re. \u00c9s ha m\u00e1r ott vagytok, h\u00f3goly\u00f3zzatok egyet az eg\u00e9szs\u00e9gemre! :)<\/p>\r\n<p>&nbsp;<\/p>","type":"rich","thumbnail_url":"https:\/\/kirandulo.cafeblog.hu\/files\/2017\/06\/P7206995-150x150.jpg","thumbnail_width":150,"thumbnail_height":150}