{"version":"1.0","provider_name":"Kir\u00e1ndul\u00f3","provider_url":"https:\/\/kirandulo.cafeblog.hu","author_name":"Kir\u00e1ndul\u00f3 Kata","author_url":"https:\/\/kirandulo.cafeblog.hu\/author\/lukacskatalin71gmail-com\/","title":"Vintgar szurdok - az etalon","html":"<p>Az \u00e1ltalam eddig bej\u00e1rt szurdokok k\u00f6z\u00fcl ez a legszebb! Az etalon. Hihetetlen sz\u00edn\u0171, b\u0151viz\u0171, rohan\u00f3, z\u00fag\u00f3, h\u0171v\u00f6s foly\u00f3; hatalmas szikl\u00e1k, z\u00f6ld n\u00f6v\u00e9nyzet, \u00e9s fa hidak a szikl\u00e1khoz r\u00f6gz\u00edtve. Energi\u00e1val teli, felt\u00f6lt\u0151 hely. Nagyon j\u00f3 ott lenni!<\/p>\r\n<p>Bej\u00e1rni is k\u00f6nny\u0171, nincs benne t\u00fal nagy kih\u00edv\u00e1s. P\u00e1r l\u00e9pcs\u0151, kisebb lejt\u0151, emelked\u0151. Id\u0151sebbek is k\u00e9nyelmesen v\u00e9gigj\u00e1rhatj\u00e1k. De hogy a legszebb, az vitathatatlan!<\/p>\r\n<p><img class=\"alignnone  wp-image-1300\" src=\"https:\/\/kirandulo.cafeblog.hu\/files\/2016\/12\/P7128931-300x169.jpg\" alt=\"\" width=\"809\" height=\"456\" \/><\/p>\r\n<p>Hol tal\u00e1lhat\u00f3? Szlov\u00e9ni\u00e1ban, a Bledi t\u00f3 szomsz\u00e9ds\u00e1g\u00e1ban, Spodnje Gorje \u00e9s Blejska Dobrava falvak k\u00f6z\u00f6tt. T\u00e9rk\u00e9pen <a href=\"https:\/\/www.google.com\/maps\/d\/viewer?mid=1I4BMYAqxmO9nmv-5TGp-o5i3U_g&amp;ll=46.36373093669779%2C14.071902380956999&amp;z=12\">ITT<\/a>.<\/p>\r\n<p>Nincs messze, aut\u00f3p\u00e1ly\u00e1n k\u00f6nnyen, gyorsan el\u00e9rhet\u0151. \u00c9n b\u00e1rmikor visszamenn\u00e9k \u00fajra. \u00c9s \u00fajra. \u00c9s \u00fajra. :)<\/p>\r\n<p><img class=\"alignnone  wp-image-1281\" src=\"https:\/\/kirandulo.cafeblog.hu\/files\/2016\/12\/P7128784-300x169.jpg\" alt=\"\" width=\"817\" height=\"460\" \/><\/p>\r\n<p>A szurdok \u00e1ltal\u00e1ban egy m\u00e9ly v\u00f6lgyben fut\u00f3 sebes foly\u00f3, patak. \u00c9vezredek alatt v\u00e1jt a m\u00e9szk\u0151be a v\u00edz m\u00e9ly v\u00f6lgyet, \u00e9s munk\u00e1lkodik ezen tov\u00e1bb a mai napig. Folyamatosan rombol \u00e9s \u00e9p\u00edt. Ahogy nem l\u00e9phet\u00fcnk bele k\u00e9tszer ugyanabba a foly\u00f3ban, \u00fagy val\u00f3sz\u00edn\u0171leg nem l\u00e1thatunk k\u00e9tszer ugyanolyannak egy szurdokv\u00f6lgyet sem. Mindig t\u00f6rt\u00e9nik valami: valami \u00e9p\u00fcl, valami pusztul, szikl\u00e1k v\u00e1ndorolnak, f\u00e1k d\u0151lnek ki \u00e9s n\u0151nek \u00fajak. K\u00f6zben a v\u00edz rohan, zubog, zuhog, \u00f6mlik, kanyarog, megannyi v\u00edzes\u00e9sen kereszt\u00fcl. Csod\u00e1latos az eg\u00e9sz!<\/p>\r\n<p>H\u00e1t l\u00e1ssuk k\u00f6zelebbr\u0151l a legszebbet, a Vintgar szurdokot, ahol a Radovna foly\u00f3 v\u00e9gzi a neh\u00e9z munk\u00e1t!<\/p>\r\n<p><img class=\"alignnone  wp-image-1303\" src=\"https:\/\/kirandulo.cafeblog.hu\/files\/2016\/12\/P7128964-300x169.jpg\" alt=\"\" width=\"955\" height=\"538\" \/><\/p>\r\n<p>A bej\u00e1rat a kis h\u00e1z mellett van. A h\u00e1z alatt, illetve a szurdok m\u00e1sik v\u00e9g\u00e9n is kultur\u00e1lt mosd\u00f3k tal\u00e1lhat\u00f3k.\u00a0<\/p>\r\n<p>A Vintgar szurdok k\u00e9t falu fel\u0151l is megk\u00f6zel\u00edthet\u0151, mindk\u00e9t telep\u00fcl\u00e9sen j\u00f3l ki van t\u00e1bl\u00e1zva, de parkol\u00f3val ink\u00e1bb Spodnje Gorje k\u00e9sz\u00fclt, ott van egy viszonylag nagy, ingyenes parkol\u00f3. (Ny\u00e1ron, h\u00e9tv\u00e9g\u00e9n cs\u00facsid\u0151 van, olyankor ha a parkol\u00f3 megtelik, s\u00e1rga mell\u00e9nyes seg\u00edt\u0151k ir\u00e1ny\u00edtj\u00e1k az aut\u00f3kat valahova olyan helyre, ahol m\u00e9g meg tudnak \u00e1llni. Mondjuk a faluban, az \u00fat sz\u00e9l\u00e9n. Ilyenkor lehet, hogy kicsit t\u00f6bbet kell gyalogolni a bej\u00e1ratig.)<\/p>\r\n<p>Ha azonban busszal megy\u00fcnk, vagy valaki \u00e1tviszi az aut\u00f3nkat a m\u00e1sik faluba, akkor el\u00e9g csak egyszer v\u00e9gig menni a szurdokv\u00f6lgy\u00f6n, nem kell oda-vissza. Ebben az esetben javaslom a Blejska Dobrava fel\u0151li megk\u00f6zel\u00edt\u00e9st, ahonnan a falu sz\u00e9l\u00e9t\u0151l egy erdei \u00f6sv\u00e9nyen lehet bemenni a szurdok bej\u00e1rat\u00e1hoz.<\/p>\r\n<p>A szurdok nem egyir\u00e1ny\u00fa, teh\u00e1t mindig van szembeforgalom is. (Ez egy-k\u00e9t sz\u0171k helyen n\u00e9mi torl\u00f3d\u00e1st is okoz.)<\/p>\r\n<p><img class=\"alignnone  wp-image-1302\" src=\"https:\/\/kirandulo.cafeblog.hu\/files\/2016\/12\/P7128961-300x169.jpg\" alt=\"\" width=\"999\" height=\"563\" \/><\/p>\r\n<p>Mivel Spodnje Gorje fel\u0151l gyakoribb a megk\u00f6zel\u00edt\u00e9s, ez\u00e9rt most \u00e9n is abb\u00f3l az ir\u00e1nyb\u00f3l mutatom, a foly\u00f3 foly\u00e1s\u00e1val megegyez\u0151 ir\u00e1nyba. (De szembe menni a foly\u00e1sir\u00e1nnyal tal\u00e1n egy kicsit m\u00e9g szebb!)<\/p>\r\n<p><img class=\"alignnone  wp-image-1301\" src=\"https:\/\/kirandulo.cafeblog.hu\/files\/2016\/12\/P7128950-300x169.jpg\" alt=\"\" width=\"991\" height=\"558\" \/><\/p>\r\n<p>A bej\u00e1rhat\u00f3 r\u00e9sz kb. 1600 m\u00e9ter hossz\u00fa. Ha csak egyszer megy\u00fcnk v\u00e9gig rajta, sz\u00e1njunk r\u00e1 1,5 \u00f3r\u00e1t. Ha oda-vissza megy\u00fcnk, minimum 2-2,5 \u00f3ra kell.<\/p>\r\n<p><img class=\"alignnone  wp-image-1278\" src=\"https:\/\/kirandulo.cafeblog.hu\/files\/2016\/12\/P8167722-300x169.jpg\" alt=\"\" width=\"989\" height=\"557\" \/><\/p>\r\n<p>Aki a Bledi t\u00f3 k\u00f6rny\u00e9k\u00e9n j\u00e1r, mindenk\u00e9ppen t\u00e9rjen be a Vintgar szurdokba is. A hatalmas szikl\u00e1knak, a foly\u00f3nak, az eg\u00e9sz v\u00f6lgynek olyan energi\u00e1ja van, amit \u00e9rdemes megtapasztalni. Minden \u00e9rz\u00e9kszerv\u00fcnkre hat \u00e9s csod\u00e1latos, j\u00f3t\u00e9kony hat\u00e1sa van. Leny\u0171g\u00f6z\u0151ek a sz\u00ednek, f\u00fcl\u00fcnknek kellemes a foly\u00f3 csobog\u00e1sa. J\u00f3 bel\u00e9legezni a krist\u00e1lytiszta leveg\u0151t, mely keveredik az erd\u0151 illat\u00e1val. B\u0151r\u00fcnk\u00f6n \u00e9rezz\u00fck a h\u0171v\u00f6s fuvallatot, ami a foly\u00f3 fel\u0151l \u00e1ramlik. T\u00e9nyleg gy\u00f6ny\u00f6r\u0171 az eg\u00e9sz!<\/p>\r\n<p>Az elej\u00e9n r\u00f6gt\u00f6n megtapasztalhatjuk a foly\u00f3 sebess\u00e9g\u00e9t, erej\u00e9t \u00e9s hangj\u00e1t is. Van neki mind a h\u00e1rom! :)<\/p>\r\n<p><img class=\"alignnone  wp-image-1299\" src=\"https:\/\/kirandulo.cafeblog.hu\/files\/2016\/12\/P7128919-300x169.jpg\" alt=\"\" width=\"948\" height=\"534\" \/><\/p>\r\n<p>A szurdokv\u00f6lgy erdei utakon \u00e9s f\u00e1b\u00f3l \u00e9p\u00edtett hidakon, j\u00e1rd\u00e1kon j\u00e1rhat\u00f3 be. Ha ezek nem lenn\u00e9nek, nem lehetne sz\u00e1raz l\u00e1bbal bejutni a v\u00f6lgybe.<\/p>\r\n<p><img class=\"alignnone  wp-image-1298\" src=\"https:\/\/kirandulo.cafeblog.hu\/files\/2016\/12\/P7128915-300x169.jpg\" alt=\"\" width=\"973\" height=\"548\" \/><\/p>\r\n<p>A szurdok nev\u00e9nek eredete: az egyik magyar\u00e1zat szerint a \u2019vintgar\u2019 sz\u00f3 a n\u00e9met Weingarten elnevez\u00e9sb\u0151l ered \u2013 mert sz\u0151l\u0151\u00fcltetv\u00e9nyek voltak a k\u00f6zeli Podhum-ban. A m\u00e1sik magyar\u00e1zat szerint az\u00e9rt kapta ezt a nevet, mert a szurdok keresztmetszet\u00e9nek alakja a borospoh\u00e1r alakj\u00e1ra eml\u00e9keztet. H\u00e1t ...<\/p>\r\n<p>&nbsp;<\/p>\r\n<p><img class=\"alignnone  wp-image-1306\" src=\"https:\/\/kirandulo.cafeblog.hu\/files\/2016\/12\/P8167629-300x169.jpg\" alt=\"\" width=\"889\" height=\"501\" \/><\/p>\r\n<p>Bel\u00e9p\u0151 \u00e1rak a szurdokba (2017):<\/p>\r\n<ul>\r\n<li>feln\u0151tt - 5 Eur\u00f3<\/li>\r\n<li>di\u00e1k - 4 Eur\u00f3<\/li>\r\n<li>gyerek (6-15 \u00e9v k\u00f6z\u00f6tt) - 2,50 Eur\u00f3<\/li>\r\n<li>6 \u00e9v alatt - 0,80 Eur\u00f3<\/li>\r\n<\/ul>\r\n<p>Csak k\u00e9szp\u00e9nzzel lehet fizetni, bankk\u00e1rty\u00e1t nem fogadnak el. A parkol\u00e1s ingyenes.<\/p>\r\n<p><img class=\"alignnone  wp-image-1297\" src=\"https:\/\/kirandulo.cafeblog.hu\/files\/2016\/12\/P7128905-300x169.jpg\" alt=\"\" width=\"982\" height=\"553\" \/><\/p>\r\n<p>A v\u00edznek elk\u00e9peszt\u0151en sz\u00e9p sz\u00edne van. Valami z\u00f6ldes k\u00e9kes t\u00fcrkiz, folyamatosan v\u00e1ltoz\u00f3, le\u00edrhatatlan \u00e1rnyalat. Ilyen sz\u00edn\u0171 foly\u00f3 egyszer\u0171en nem lehet. K\u00e9ptelens\u00e9g. Biztos festik :-D (A sz\u00edn oka egy\u00e9bk\u00e9nt a m\u00e9szk\u0151.)<\/p>\r\n<p><img class=\"alignnone  wp-image-1293\" src=\"https:\/\/kirandulo.cafeblog.hu\/files\/2016\/12\/P7128886-300x169.jpg\" alt=\"\" width=\"998\" height=\"562\" \/><\/p>\r\n<p>Azt\u00e1n elkezd sz\u0171k\u00fclni a v\u00f6lgy, egyre k\u00f6zelebb lesznek egym\u00e1shoz a hatalmas sziklafalak. Mik\u00f6zben v\u00edzes\u00e9sek sorozat\u00e1n zuhog a v\u00edz tov\u00e1bb.<\/p>\r\n<p><img class=\"alignnone  wp-image-1295\" src=\"https:\/\/kirandulo.cafeblog.hu\/files\/2016\/12\/P7128894-300x169.jpg\" alt=\"\" width=\"999\" height=\"563\" \/><\/p>\r\n<p>Folyamatos a v\u00edz z\u00fag\u00e1sa, id\u0151nk\u00e9nt szinte hangosan robajlik, azt\u00e1n csobog, fr\u00f6cs\u00f6g, z\u00fag, zsibong, cs\u00f6rgedezik.<\/p>\r\n<p><img class=\"alignnone  wp-image-1292\" src=\"https:\/\/kirandulo.cafeblog.hu\/files\/2016\/12\/P7128883-300x169.jpg\" alt=\"\" width=\"1007\" height=\"567\" \/><\/p>\r\n<p>Majd eg\u00e9sz sz\u0171k lesz a v\u00f6lgy. A sziklafalak szinte \u00f6ssze\u00e9rnek.<\/p>\r\n<p><img class=\"alignnone  wp-image-1291\" src=\"https:\/\/kirandulo.cafeblog.hu\/files\/2016\/12\/P7128878-300x169.jpg\" alt=\"\" width=\"1010\" height=\"569\" \/><\/p>\r\n<p>A sz\u0171k helyen el\u00e9g nagy er\u0151vel \u00e9s hanggal robog \u00e1t a foly\u00f3. Itt sokkal m\u00e9lyebb is, mint a sz\u00e9lesebb r\u00e9szeken.<\/p>\r\n<p><img class=\"alignnone  wp-image-1290\" src=\"https:\/\/kirandulo.cafeblog.hu\/files\/2016\/12\/P7128876-300x169.jpg\" alt=\"\" width=\"943\" height=\"531\" \/><\/p>\r\n<p>Jakob Zumer \u00e9s Gorje Majorja t\u00e9rk\u00e9p\u00e9szek \u00e9s Benedikt Lergetporer f\u00e9nyk\u00e9p\u00e9sz fedezt\u00e9k fel a szurdokot 1891 febru\u00e1rj\u00e1ban, egy v\u00e9letlennek k\u00f6sz\u00f6nhet\u0151en. A Radovna foly\u00f3 v\u00edzszintje egy id\u0151ben alacsony volt, ez\u00e9rt kutat\u00e1sokat ind\u00edtottak Blejska Dobrava ir\u00e1ny\u00e1ba, \u00edgy fedezt\u00e9k fel a v\u00f6lgyet. A felfedez\u00e9s ut\u00e1n \u00e9p\u00edt\u00e9si bizotts\u00e1got alap\u00edtottak, \u00e9s k\u00e9t \u00e9v m\u00falva, 1893. augusztus 26-\u00e1n ny\u00edlt meg els\u0151 \u00edzben a Vintgar v\u00edzes\u00e9s \u00e9s szurdokv\u00f6lgy a l\u00e1togat\u00f3k sz\u00e1m\u00e1ra. T\u00f6bb h\u00edd \u00e9s gyalogos\u00fatvonal is kialak\u00edt\u00e1sra ker\u00fclt a szurdokban.<\/p>\r\n<p><img class=\"alignnone  wp-image-1307\" src=\"https:\/\/kirandulo.cafeblog.hu\/files\/2016\/12\/P8167636-300x169.jpg\" alt=\"\" width=\"920\" height=\"518\" \/><\/p>\r\n<p>A v\u00edz krist\u00e1lytiszta. Mik\u00f6zben el\u00e9g nagy sebess\u00e9ggel folyik, meg lehet sz\u00e1molni a k\u00f6veket az alj\u00e1n. A sz\u0171k r\u00e9sz ut\u00e1n pisztr\u00e1ngok is szoktak \u00faszni. Ott a leger\u0151sebb az ellen\u00e1ramoltat\u00f3. :)<\/p>\r\n<p><img class=\"alignnone  wp-image-1287\" src=\"https:\/\/kirandulo.cafeblog.hu\/files\/2016\/12\/P7128861-300x169.jpg\" alt=\"\" width=\"941\" height=\"530\" \/><\/p>\r\n<p>Majd eg\u00e9szen kisz\u00e9lesedik a foly\u00f3, le is lassul ez\u00e1ltal.<\/p>\r\n<p><img class=\"alignnone  wp-image-1286\" src=\"https:\/\/kirandulo.cafeblog.hu\/files\/2016\/12\/P7128849-300x169.jpg\" alt=\"\" width=\"950\" height=\"535\" \/><\/p>\r\n<p>A k\u00fcl\u00f6nleges \u00e9ghajlati \u00e9s domborzati k\u00f6r\u00fclm\u00e9nyek miatt, a Vintgar szurdokban sz\u00e1mos olyan n\u00f6v\u00e9nyfaj tal\u00e1lhat\u00f3, amely k\u00fcl\u00f6nb\u00f6zik a ter\u00fcletre jellemz\u0151 n\u00f6v\u00e9nyzett\u0151l.<\/p>\r\n<p>Az\u00e9rt a k\u00f6vekn\u00e9l rengeteg z\u00fag\u00f3 \u00e9s mini-v\u00edzes\u00e9s csobog.<\/p>\r\n<p><img class=\"alignnone  wp-image-1285\" src=\"https:\/\/kirandulo.cafeblog.hu\/files\/2016\/12\/P7128843-300x169.jpg\" alt=\"\" width=\"955\" height=\"538\" \/><\/p>\r\n<p>A v\u00f6lgybe nem mindenhova s\u00fct be a nap \u00e9s a foly\u00f3 vize is meglehet\u0151sen hideg, ez\u00e9rt a szurdok kl\u00edm\u00e1ja ny\u00e1ron is kellemes, n\u00e9hol h\u0171v\u00f6s. A fa pall\u00f3 gyakran vizes, ez\u00e9rt stabil, cs\u00fasz\u00e1smentes cip\u0151, vagy t\u00faraszand\u00e1l aj\u00e1nlott. T\u00f6bb helyen csepeg fentr\u0151l is a v\u00edz, illetve a v\u00edzes\u00e9sn\u00e9l szit\u00e1l, erre sz\u00e1m\u00edtani kell.<\/p>\r\n<p><img class=\"alignnone  wp-image-1283\" src=\"https:\/\/kirandulo.cafeblog.hu\/files\/2016\/12\/P7128808-300x169.jpg\" alt=\"\" width=\"996\" height=\"561\" \/><\/p>\r\n<p>Azt\u00e1n mintha vonat menne. Vagy rep\u00fcl\u0151. Vagy mi z\u00fag \u00edgy?<br \/> Egyszer csak ott lesz a hatalmas \u0160um v\u00edzes\u00e9s. Szlov\u00e9nia legmagasabb, foly\u00f3n tal\u00e1lhat\u00f3 v\u00edzes\u00e9se. 16 m\u00e9ter magasb\u00f3l \u00f6mlik a v\u00edz lefel\u00e9. Fr\u00f6cs\u00f6g, viszi a sz\u00e9l, itt bizony nem k\u00f6nny\u0171 f\u00e9nyk\u00e9pezni (mert p\u00e1r m\u00e1sodperc alatt minden vizes lesz).\u00a0<\/p>\r\n<p><img class=\"alignnone  wp-image-1282\" src=\"https:\/\/kirandulo.cafeblog.hu\/files\/2016\/12\/P7128795-169x300.jpg\" alt=\"\" width=\"473\" height=\"840\" \/><\/p>\r\n<p>A Vintgar-szurdokban k\u00e9t, emberi k\u00e9z \u00e1ltal \u00e9p\u00edtett, l\u00e1tv\u00e1nyoss\u00e1g tal\u00e1lhat\u00f3. A bohinji vas\u00fatvonal egy\u00edves k\u0151h\u00eddja, amely 1906-ban \u00e9p\u00fclt \u00e9s 33,5 m magasban halad \u00e1t a szurdokon, valamint a g\u00e1t, ahonnan a v\u00edz egy kisebb v\u00edzi-er\u0151m\u0171h\u00f6z folyik el.<\/p>\r\n<p>\u00c9s a v\u00f6lgyben robog tov\u00e1bb a Radovna foly\u00f3. M\u00e9g egy nagy v\u00edzes\u00e9ssel hagyja el a Vintgar szurdokot, \u00e9s egy gy\u00f6ny\u00f6r\u0171 sziv\u00e1rv\u00e1nnyal b\u00facs\u00fazik.<\/p>\r\n<p><img class=\"alignnone  wp-image-1304\" src=\"https:\/\/kirandulo.cafeblog.hu\/files\/2016\/12\/P8167525-300x169.jpg\" alt=\"\" width=\"889\" height=\"501\" \/><\/p>\r\n<p>A hely turisztikai terhelts\u00e9ge el\u00e9g nagy. H\u00e9tv\u00e9g\u00e9ken, f\u0151leg ny\u00e1ron nagyobb t\u00f6meggel is tal\u00e1lkozhatunk. T\u00e9len nem l\u00e1togathat\u00f3! Tavasszal az olvad\u00e1s \u00e9s a helyre\u00e1ll\u00edt\u00f3 munk\u00e1latok ut\u00e1n nyit, \u00e1ltal\u00e1ban \u00e1prilis k\u00f6zep\u00e9n-v\u00e9g\u00e9n \u00e9s november v\u00e9g\u00e9n bez\u00e1r.<\/p>\r\n<p>A szurdok \u00fatjait folyamatosan karbantartj\u00e1k, a pall\u00f3kat \u00e9s kapaszkod\u00f3kat cser\u00e9lik, t\u00e9l ut\u00e1n el\u0151fordul, hogy eg\u00e9sz szakaszokat kell \u00fajra \u00e9p\u00edteni. A szikl\u00e1k oldal\u00e1hoz \u00e9p\u00edtett fa j\u00e1rda kicsit f\u00e9lelmetesnek t\u0171nik, de nem az! Nincs t\u00fal magasan \u00e9s nagyon stabil. Az eg\u00e9sz \u00faton p\u00e1r l\u00e9pcs\u0151 van csak, komolyabb emelked\u0151 vagy lejt\u0151 egy\u00e1ltal\u00e1n nincs, ez\u00e9rt k\u00f6nnyen bej\u00e1rhat\u00f3. (Id\u0151sebbeknek is nyugodt sz\u00edvvel aj\u00e1nlhat\u00f3.)<\/p>\r\n<p><img class=\"alignnone  wp-image-1284\" src=\"https:\/\/kirandulo.cafeblog.hu\/files\/2016\/12\/P7128824-300x169.jpg\" alt=\"\" width=\"872\" height=\"491\" \/><\/p>\r\n<p>Sz\u00f3val gy\u00f6ny\u00f6r\u0171 az eg\u00e9sz! Egy baj van vele. Ha valaki ezt megn\u00e9zni, az az \u00f6sszes t\u00f6bbi szurdokv\u00f6lgy ut\u00e1n azt fogja mondani: j\u00f3, j\u00f3, ez sem rossz, de a Vintgar, az az igazi, az sokkal szebb. :)<\/p>\r\n<p>A Vintgar a szurdokv\u00f6lgyek k\u00f6z\u00f6tt az etalon. :)<\/p>\r\n<p>\u00c9s ha szeretn\u00e9tek \u00e9rtes\u00fclni az \u00faj bejegyz\u00e9sekr\u0151l, k\u00f6vess\u00e9tek a <a href=\"https:\/\/www.facebook.com\/kirandulo.blog\/\">Kir\u00e1ndul\u00f3 facebook<\/a> oldal\u00e1t is.<\/p>","type":"rich","thumbnail_url":"https:\/\/kirandulo.cafeblog.hu\/files\/2016\/12\/P7128931-150x150.jpg","thumbnail_width":150,"thumbnail_height":150}